{"id":831,"date":"2021-03-05T20:10:03","date_gmt":"2021-03-05T20:10:03","guid":{"rendered":"http:\/\/roterbund.de\/index.php\/home\/"},"modified":"2026-04-14T12:31:05","modified_gmt":"2026-04-14T11:31:05","slug":"home","status":"publish","type":"page","link":"https:\/\/roterbund.de\/","title":{"rendered":"Start"},"content":{"rendered":"\t\t<div data-elementor-type=\"wp-page\" data-elementor-id=\"831\" class=\"elementor elementor-831\">\n\t\t\t\t\t\t<section class=\"elementor-section elementor-top-section elementor-element elementor-element-d7c80da elementor-section-full_width elementor-section-height-full elementor-section-items-bottom elementor-section-content-bottom elementor-section-height-default\" data-id=\"d7c80da\" data-element_type=\"section\" data-settings=\"{&quot;background_background&quot;:&quot;classic&quot;}\">\n\t\t\t\t\t\t\t<div class=\"elementor-background-overlay\"><\/div>\n\t\t\t\t\t\t\t<div class=\"elementor-container elementor-column-gap-no\">\n\t\t\t\t\t<div class=\"elementor-column elementor-col-100 elementor-top-column elementor-element elementor-element-3cf6913\" data-id=\"3cf6913\" data-element_type=\"column\">\n\t\t\t<div class=\"elementor-widget-wrap elementor-element-populated\">\n\t\t\t\t\t\t<div class=\"elementor-element elementor-element-c0e9f17 elementor-align-center elementor-widget__width-initial elementor-widget elementor-widget-button\" data-id=\"c0e9f17\" data-element_type=\"widget\" data-widget_type=\"button.default\">\n\t\t\t\t<div class=\"elementor-widget-container\">\n\t\t\t\t\t<div class=\"elementor-button-wrapper\">\n\t\t\t<a class=\"elementor-button elementor-button-link elementor-size-sm\" href=\"http:\/\/roterbund.de\/index.php\/gruendungserklaerung\/\">\n\t\t\t\t\t\t<span class=\"elementor-button-content-wrapper\">\n\t\t\t\t\t\t\t\t\t<span class=\"elementor-button-text\">Gr\u00fcndungserkl\u00e4rung<\/span>\n\t\t\t\t\t<\/span>\n\t\t\t\t\t<\/a>\n\t\t<\/div>\n\t\t\t\t<\/div>\n\t\t\t\t<\/div>\n\t\t\t\t\t<\/div>\n\t\t<\/div>\n\t\t\t\t\t<\/div>\n\t\t<\/section>\n\t\t<div class=\"elementor-element elementor-element-5bc6c5e e-flex e-con-boxed e-con e-parent\" data-id=\"5bc6c5e\" data-element_type=\"container\">\n\t\t\t\t\t<div class=\"e-con-inner\">\n\t\t<div class=\"elementor-element elementor-element-7df5680 e-con-full e-flex e-con e-child\" data-id=\"7df5680\" data-element_type=\"container\">\n\t\t\t\t<\/div>\n\t\t<div class=\"elementor-element elementor-element-16ec996 e-con-full e-flex e-con e-child\" data-id=\"16ec996\" data-element_type=\"container\">\n\t\t\t\t<div class=\"elementor-element elementor-element-e6240eb elementor-align-center elementor-widget elementor-widget-button\" data-id=\"e6240eb\" data-element_type=\"widget\" data-widget_type=\"button.default\">\n\t\t\t\t<div class=\"elementor-widget-container\">\n\t\t\t\t\t<div class=\"elementor-button-wrapper\">\n\t\t\t<a class=\"elementor-button elementor-button-link elementor-size-sm\" href=\"https:\/\/roterbund.de\/index.php\/founding-declaration-of-the-red-league-and-interview\/\">\n\t\t\t\t\t\t<span class=\"elementor-button-content-wrapper\">\n\t\t\t\t\t\t\t\t\t<span class=\"elementor-button-text\">English<\/span>\n\t\t\t\t\t<\/span>\n\t\t\t\t\t<\/a>\n\t\t<\/div>\n\t\t\t\t<\/div>\n\t\t\t\t<\/div>\n\t\t\t\t<\/div>\n\t\t<div class=\"elementor-element elementor-element-9d11fcb e-con-full e-flex e-con e-child\" data-id=\"9d11fcb\" data-element_type=\"container\">\n\t\t\t\t<div class=\"elementor-element elementor-element-8e4ae92 elementor-align-center elementor-widget elementor-widget-button\" data-id=\"8e4ae92\" data-element_type=\"widget\" data-widget_type=\"button.default\">\n\t\t\t\t<div class=\"elementor-widget-container\">\n\t\t\t\t\t<div class=\"elementor-button-wrapper\">\n\t\t\t<a class=\"elementor-button elementor-button-link elementor-size-sm\" href=\"https:\/\/roterbund.de\/index.php\/declaracion-de-la-fundacion-de-la-liga-roja-y-entrevista\/\">\n\t\t\t\t\t\t<span class=\"elementor-button-content-wrapper\">\n\t\t\t\t\t\t\t\t\t<span class=\"elementor-button-text\">Espa\u00f1ol<\/span>\n\t\t\t\t\t<\/span>\n\t\t\t\t\t<\/a>\n\t\t<\/div>\n\t\t\t\t<\/div>\n\t\t\t\t<\/div>\n\t\t\t\t<\/div>\n\t\t<div class=\"elementor-element elementor-element-1cb6a59 e-con-full e-flex e-con e-child\" data-id=\"1cb6a59\" data-element_type=\"container\">\n\t\t\t\t<\/div>\n\t\t\t\t\t<\/div>\n\t\t\t\t<\/div>\n\t\t<div class=\"elementor-element elementor-element-db79611 e-flex e-con-boxed e-con e-parent\" data-id=\"db79611\" data-element_type=\"container\">\n\t\t\t\t\t<div class=\"e-con-inner\">\n\t\t\t\t<div class=\"elementor-element elementor-element-6e95300 elementor-widget elementor-widget-image\" data-id=\"6e95300\" data-element_type=\"widget\" data-widget_type=\"image.default\">\n\t\t\t\t<div class=\"elementor-widget-container\">\n\t\t\t<style>\/*! elementor - v3.21.0 - 22-05-2024 *\/\n.elementor-widget-image{text-align:center}.elementor-widget-image a{display:inline-block}.elementor-widget-image a img[src$=\".svg\"]{width:48px}.elementor-widget-image img{vertical-align:middle;display:inline-block}<\/style>\t\t\t\t\t\t\t\t\t\t<img fetchpriority=\"high\" decoding=\"async\" width=\"727\" height=\"1024\" src=\"https:\/\/roterbund.de\/wp-content\/uploads\/2026\/04\/1-mai-2026-final-02-727x1024.jpg\" class=\"attachment-large size-large wp-image-1487\" alt=\"\" srcset=\"https:\/\/roterbund.de\/wp-content\/uploads\/2026\/04\/1-mai-2026-final-02-727x1024.jpg 727w, https:\/\/roterbund.de\/wp-content\/uploads\/2026\/04\/1-mai-2026-final-02-213x300.jpg 213w, https:\/\/roterbund.de\/wp-content\/uploads\/2026\/04\/1-mai-2026-final-02-768x1082.jpg 768w, https:\/\/roterbund.de\/wp-content\/uploads\/2026\/04\/1-mai-2026-final-02-1090x1536.jpg 1090w, https:\/\/roterbund.de\/wp-content\/uploads\/2026\/04\/1-mai-2026-final-02-1454x2048.jpg 1454w, https:\/\/roterbund.de\/wp-content\/uploads\/2026\/04\/1-mai-2026-final-02-scaled.jpg 1817w\" sizes=\"(max-width: 727px) 100vw, 727px\" \/>\t\t\t\t\t\t\t\t\t\t\t\t\t<\/div>\n\t\t\t\t<\/div>\n\t\t\t\t\t<\/div>\n\t\t\t\t<\/div>\n\t\t<div class=\"elementor-element elementor-element-a93b118 e-flex e-con-boxed e-con e-parent\" data-id=\"a93b118\" data-element_type=\"container\">\n\t\t\t\t\t<div class=\"e-con-inner\">\n\t\t\t\t<div class=\"elementor-element elementor-element-aa4cd4b elementor-widget elementor-widget-text-editor\" data-id=\"aa4cd4b\" data-element_type=\"widget\" data-widget_type=\"text-editor.default\">\n\t\t\t\t<div class=\"elementor-widget-container\">\n\t\t\t<style>\/*! elementor - v3.21.0 - 22-05-2024 *\/\n.elementor-widget-text-editor.elementor-drop-cap-view-stacked .elementor-drop-cap{background-color:#69727d;color:#fff}.elementor-widget-text-editor.elementor-drop-cap-view-framed .elementor-drop-cap{color:#69727d;border:3px solid;background-color:transparent}.elementor-widget-text-editor:not(.elementor-drop-cap-view-default) .elementor-drop-cap{margin-top:8px}.elementor-widget-text-editor:not(.elementor-drop-cap-view-default) .elementor-drop-cap-letter{width:1em;height:1em}.elementor-widget-text-editor .elementor-drop-cap{float:left;text-align:center;line-height:1;font-size:50px}.elementor-widget-text-editor .elementor-drop-cap-letter{display:inline-block}<\/style>\t\t\t\t<p lang=\"de-DE\" align=\"right\"><i>Proletarier aller L\u00e4nder, vereinigt euch!<\/i><\/p><h2 lang=\"de-DE\" align=\"center\"><b>Heraus zum 1. Mai!<\/b><\/h2><p lang=\"de-DE\" align=\"justify\">Dieses Jahr rufen wir als Roter Bund all diejenigen auf, die die unten folgenden politischen Standpunkte teilen, gemeinsam mit uns am 1. Mai auf die Stra\u00dfe zu gehen, um kraftvoll den Tag des internationalen Proletariats zu feiern.<\/p><p lang=\"de-DE\" align=\"center\"><b>Gegen die imperialistische Aggression \u2013 Unterst\u00fctzen wir die nationalen Befreiungsk\u00e4mpfe!<\/b><\/p><p lang=\"de-DE\" align=\"justify\">Die imperialistischen Staaten wollen ihre Krise \u00fcberwinden, indem sie die Ausbeutung der unterdr\u00fcckten Nationen steigern. Sie wollen noch mehr Reicht\u00fcmer pl\u00fcndern. Mit modernen Kolonialkriegen verw\u00fcsten sie die Welt. Als die blutr\u00fcnstigen R\u00e4uber, die sie sind, wollen sie alle einen gr\u00f6\u00dferen Teil der Beute und deswegen bek\u00e4mpfen sie sich gegenseitig auf dem Boden anderer L\u00e4nder. Der gr\u00f6\u00dfte der R\u00e4uber ist der US-Imperialismus, der Hauptfeind der V\u00f6lker der Welt, der, zusammen mit seiner israelischen Schl\u00e4chterbande, einen Ausrottungskrieg gegen das Volk Pal\u00e4stinas f\u00fchrt, \u00fcber 90 Millionen Iranern mit atomarer Vernichtung droht, die offizielle Wiedereinf\u00fchrung der \u201eMonroe-Doktrin\u201c verk\u00fcndet und damit seine offene Kriegserkl\u00e4rung gegen die L\u00e4nder und V\u00f6lker in Lateinamerika und der Karibik. Die russischen Imperialisten tr\u00e4umen davon ihren, seit Anfang der 90er Jahre des vergangenen Jahrhunderts, verlorenen Platz in der herrschenden Weltordnung zur\u00fcck zu erobern, daf\u00fcr f\u00fchren sie ihren Angriffskrieg gegen das ukrainische Volk weiter.<\/p><p lang=\"de-DE\" align=\"justify\">Wir stehen gegen diese und jede andere imperialistische Aggression. Wir stehen fest an der Seite der nationalen Widerstandsfront in Pal\u00e4stina. Wir stehen fest an der Seite der Verteidiger des nationalen Selbstbestimmungsrechts des Iran. Wir stehen an der Seite Kubas und aller anderen L\u00e4nder Lateinamerikas und der Karibik gegen die Yankee-Aggression. Wir stehen an der Seite des Volkes in der Ukraine gegen den russischen Aggressor.<\/p><p lang=\"de-DE\" align=\"justify\">Der Rote Bund steht immer an der Seite der unterdr\u00fcckten Nationen. Wir unterst\u00fctzen jeden nationalen Befreiungskrieg gegen den Imperialismus.<\/p><p lang=\"de-DE\" align=\"center\"><b>Gegen de<\/b><b>n<\/b><b> Staat der Ausbeuter und <\/b><b>seine<\/b><b> Regierung \u2013 Kampf und Widerstand!<\/b><\/p><p lang=\"de-DE\" align=\"justify\">Der Staat, in welchem wir leben, ist ein Instrument zur Aufrechterhaltung der Diktatur der Bourgeoisie, welches heute den Interessen des Finanzkapitals vollkommen unterworfen ist. Sein Zweck ist es die Ausbeutung und Unterdr\u00fcckung der Arbeiterklasse und Volksmassen zu h\u00fcten und durchsetzen. Es ist kein Wunder, dass mit dem Anstieg der Arbeitslosigkeit, alles was wir zum \u00dcberleben brauchen teurer wird, die Reall\u00f6hne sinken (d.h. die Ausbeutung versch\u00e4rft sich) und mehr und mehr Menschen in diesem Land in Armut leben, gleichzeitig die B\u00f6rse einen Rekord nach dem anderen bricht und die DAX-Konzerne entsprechend Rekorddividende an die Aktion\u00e4re verteilen. Dieser Staat ist da, um diese Ordnung der Dinge sicherzustellen. Dieser Staat ist nicht f\u00fcr uns da. Es ist nicht unser Staat. Es ist der Staat der Ausbeuter. Die Regierung von Merz \u2013 die Kreatur die Rekordhalter bez\u00fcglich der Geschwindigkeit, mit welcher man Wahlversprechen brechen kann, ist \u2013 ist nichts anderes als der politische Repr\u00e4sentant dieses Staates, die widerw\u00e4rtigen Ordnungsm\u00e4nner der Stunde. Das Einzige was die Koalition zwischen den CDU\/CSU-Banditen und den SPD-Banditen wirklich zusammenh\u00e4lt, ist ihre Angst, dass die AfD-Banditen st\u00e4rker werden. Die Regierung hat nichts gegen die rassistische Hetze der AfD, Merz macht alles was er kann, um sie zu \u00fcbertreffen. Sie haben nichts gegen die terroristische Repression gegen die Bev\u00f6lkerung, Dobrint setzt sie mit Bravur um. Die haben nichts gegen den \u201eKampf gegen die Schmarotzer\u201c, Klingbeil nimmt diesen fest in die Hand.<\/p><p lang=\"de-DE\" align=\"justify\">Wir stehen gegen sie alle. Wir sind gegen die Ausbeutung und Unterdr\u00fcckung. Wir sind gegen ihren Staat und ihre Regierung. Wir unterst\u00fctzen jeden Kampf, der sich gegen den Staat der Bourgeoise richtet, das Finanzkapital und all ihre Parteien und Organisationen. Wir stehen an der Seite der Streikenden, der der Protestierenden, der Unbeugsamen und Widerst\u00e4ndigen. Wir stehen unersch\u00fctterlich an der Seite derer, die zur\u00fcckschlagen.<\/p><p lang=\"de-DE\" align=\"justify\">Der Rote Bund steht immer an der Seite der Arbeiterklasse. Wir k\u00e4mpfen und leisten Widerstand.<\/p><p lang=\"de-DE\" align=\"center\"><b>Gegen de<\/b><b>n<\/b><b> Opportunismus \u2013 die Rebellion ist Gerechtfertigt!<\/b><\/p><p lang=\"de-DE\" align=\"justify\">In der Welt und hierzulande entwickeln sich mehr und mehr k\u00e4mpferische Bewegungen gegen das imperialistische System. In den unterdr\u00fcckten Nationen entwickeln sich kraftvolle K\u00e4mpfe, seien es nationale Widerstandskriege, Volkskriege unter der F\u00fchrung der Kommunistischen Parteien, oder revolution\u00e4re Massenbewegungen, die die alte Ordnung in ihrem Fundament ersch\u00fcttern, die zeigen, dass eine gro\u00dfartige Entwicklung einer neuen gro\u00dfen Welle der proletarischen Weltrevolution im Gange ist. In Deutschland zeigt die ausgezeichnete Bewegung zur Unterst\u00fctzung der Nationalen Widerstandsfront in Pal\u00e4stina und die wachsende antimilitaristische Bewegung der Jugend, um nur zwei hervorragende Beispiele zu nennen, wie eine wirkliche Volksbewegung gegen den Imperialismus sich zu entwickeln angefangen hat. Dies ist eine wundersch\u00f6ne Sache und muss weiterentwickelt werden, mit Klassenbewusstsein und entsprechender Organisation. Aber in der Gegenwart ist die Volksbewegung schwach, nicht unbedingt in quantitativen Termen, sondern ideologisch. Der Einfluss der opportunistischen Handlanger der Herrschenden ist noch gro\u00df. Die Stimmen, die dazu rufen den Kampf in parlamentarische und legalistische Bahnen zu lenken, die Stimmen die rufen \u201eder Hauptfeind steht im eigenen Land\u201c, um auf sch\u00e4ndlichste Art und Weise die korrekte Parole gegen die sozial-chauvinistische Position im Kampf zwischen den Imperialisten zu benutzen, um den k\u00e4mpfenden V\u00f6lkern in den unterdr\u00fcckten Nationen die Solidarit\u00e4t zu verweigern, die Stimmen die sagen, dass revolution\u00e4re Gewalt bedeute sich auf Demonstrationen verpr\u00fcgeln lassen, ohne irgendwelchen ernsthaften Ansatz zu machen zur\u00fcckzuschlagen, die Stimmen die Pazifismus und Illusionen \u00fcber eine angebliche M\u00f6glichkeit verbreiten, die Welt ohne Waffen umzuwandeln \u2013 das sind die Stimmen der Sirenen, die die K\u00e4mpfenden zum Untergang f\u00fchren wollen, das sind die Stimmen der Sozialpatrioten. Diese Stimmen m\u00fcssen und werden zunichte gemacht vom m\u00e4chtigen Donner des Kampfes der Massen unter der F\u00fchrung der proletarischen Vorhut in Formierung.<\/p><p lang=\"de-DE\" align=\"justify\">Wir im Roten Bund sind Maoisten. Wir wissen, dass die Macht aus den Gewehrl\u00e4ufen kommt. Wir wollen die b\u00fcrgerliche \u201eDemokratie\u201c nicht. Wir wollen die Diktatur des Proletariats, den Sozialismus und unser Endziel ist der Kommunismus.<\/p><p lang=\"de-DE\" align=\"justify\">Wir wollen keine Einheit mit den Scharlatanen und Demagogen, die den Kampf der Arbeiterklasse und Volksmassen im Rammen der alten Ordnung halten wollen. Wir wollen keinen \u201ebesseren\u201c Ausbeuterstaat. Wir wollen alle Macht f\u00fcr das Proletariat. Wir sind die Stimme, die sagt, dass die Rebellion gerechtfertigt ist.<\/p><p lang=\"de-DE\" align=\"justify\">\u00a0<\/p><p lang=\"de-DE\" align=\"center\">Auf die Stra\u00dfe am 1. Mai!<\/p><p lang=\"de-DE\" align=\"center\">Hinein in den Roten Bund!<\/p><p lang=\"de-DE\" align=\"right\">Proletarier aller L\u00e4nder, vereinigt euch!<\/p><p lang=\"de-DE\" align=\"right\">Roter Bund<\/p><p lang=\"de-DE\" align=\"right\">April 2026<\/p><p>Termine:<\/p><p>Bremen<br \/>DGB-Demonstration<br \/>Parkplatz Weserstadion<br \/>Beginn: 10:45 Uhr<\/p><p>D\u00fcsseldorf<br \/>DGB-Demonstration<br \/>Johannes-Rau-Platz <br \/>Beginn: 10:30 Uhr<\/p><p>Essen<br \/>Kundgebung des Roten Bund<br \/>Ehrenzellerplatz, Altendorf<br \/>Beginn: 18:00 Uhr<\/p><p>Hamburg<br \/>DGB-Demonstration<br \/>S-Bahn Ottensen<br \/>Beginn: 10:30 Uhr<\/p><p>K\u00f6ln<br \/>DGB-Demonstration<br \/>Heumarkt<br \/>Beginn: 13:00 Uhr<br \/><br \/>Kundgebung des Roten Bund<br \/>G\u00f6rlinger Zentrum<br \/>Beginn: 17:30 Uhr<\/p><p><span lang=\"de-DE\"><br \/><\/span>Wichtig: Weitere Informationen \u00fcber Demonstrationen, Kundgebungen und andere Aktivit\u00e4ten zum 1. Mai 2026 werden laufend publiziert<\/p><p>Kontakt:<\/p><p>Kontakt@RoterBund.de<\/p><p>Dem-Volke-Dienen@gmx.de<\/p>\t\t\t\t\t\t<\/div>\n\t\t\t\t<\/div>\n\t\t\t\t\t<\/div>\n\t\t\t\t<\/div>\n\t\t<div class=\"elementor-element elementor-element-1de4f98 e-flex e-con-boxed e-con e-parent\" data-id=\"1de4f98\" data-element_type=\"container\">\n\t\t\t\t\t<div class=\"e-con-inner\">\n\t\t\t\t<div class=\"elementor-element elementor-element-049e817 elementor-widget elementor-widget-html\" data-id=\"049e817\" data-element_type=\"widget\" data-widget_type=\"html.default\">\n\t\t\t\t<div class=\"elementor-widget-container\">\n\t\t\t<object data=\"http:\/\/roterbund.de\/wp-content\/uploads\/2026\/04\/rb-1mai-flugblatt-final.pdf\" type=\"application\/pdf\" width=\"100%\" height=\"1000\"> <\/object>\t\t<\/div>\n\t\t\t\t<\/div>\n\t\t\t\t\t<\/div>\n\t\t\t\t<\/div>\n\t\t<div class=\"elementor-element elementor-element-82d72b0 e-flex e-con-boxed e-con e-parent\" data-id=\"82d72b0\" data-element_type=\"container\">\n\t\t\t\t\t<div class=\"e-con-inner\">\n\t\t<div class=\"elementor-element elementor-element-618288f e-con-full e-flex e-con e-child\" data-id=\"618288f\" data-element_type=\"container\">\n\t\t\t\t<div class=\"elementor-element elementor-element-2438c2e elementor-widget elementor-widget-heading\" data-id=\"2438c2e\" data-element_type=\"widget\" data-widget_type=\"heading.default\">\n\t\t\t\t<div class=\"elementor-widget-container\">\n\t\t\t<style>\/*! elementor - v3.21.0 - 22-05-2024 *\/\n.elementor-heading-title{padding:0;margin:0;line-height:1}.elementor-widget-heading .elementor-heading-title[class*=elementor-size-]>a{color:inherit;font-size:inherit;line-height:inherit}.elementor-widget-heading .elementor-heading-title.elementor-size-small{font-size:15px}.elementor-widget-heading .elementor-heading-title.elementor-size-medium{font-size:19px}.elementor-widget-heading .elementor-heading-title.elementor-size-large{font-size:29px}.elementor-widget-heading .elementor-heading-title.elementor-size-xl{font-size:39px}.elementor-widget-heading .elementor-heading-title.elementor-size-xxl{font-size:59px}<\/style><h3 class=\"elementor-heading-title elementor-size-default\">Prinzipienerkl\u00e4rung\nund das Programm der Roten Frauenbewegung (RF) - Deutschland:<\/h3>\t\t<\/div>\n\t\t\t\t<\/div>\n\t\t\t\t<\/div>\n\t\t<div class=\"elementor-element elementor-element-61f9035 e-con-full e-flex e-con e-child\" data-id=\"61f9035\" data-element_type=\"container\">\n\t\t\t\t<div class=\"elementor-element elementor-element-a053e5c elementor-align-center elementor-widget elementor-widget-button\" data-id=\"a053e5c\" data-element_type=\"widget\" data-widget_type=\"button.default\">\n\t\t\t\t<div class=\"elementor-widget-container\">\n\t\t\t\t\t<div class=\"elementor-button-wrapper\">\n\t\t\t<a class=\"elementor-button elementor-button-link elementor-size-sm\" href=\"https:\/\/roterbund.de\/index.php\/prinzipienerklaerung-und-das-programm-der-roten-frauenbewegung\">\n\t\t\t\t\t\t<span class=\"elementor-button-content-wrapper\">\n\t\t\t\t\t\t\t\t\t<span class=\"elementor-button-text\">Rote Frauenbewegung (RF) - Dokumente<\/span>\n\t\t\t\t\t<\/span>\n\t\t\t\t\t<\/a>\n\t\t<\/div>\n\t\t\t\t<\/div>\n\t\t\t\t<\/div>\n\t\t\t\t<\/div>\n\t\t<div class=\"elementor-element elementor-element-80562b9 e-con-full e-flex e-con e-child\" data-id=\"80562b9\" data-element_type=\"container\">\n\t\t\t\t<div class=\"elementor-element elementor-element-8a59215 elementor-widget elementor-widget-text-editor\" data-id=\"8a59215\" data-element_type=\"widget\" data-widget_type=\"text-editor.default\">\n\t\t\t\t<div class=\"elementor-widget-container\">\n\t\t\t\t\t\t\t<p>Die Rote Frauenbewegung (RF) -Deutschland hat ihre Prinzipienerkl\u00e4rung und ihr Programm f\u00fcr Tagesforderungen ver\u00f6ffentlicht. Dieses Dokument ist hier zu finden:<\/p>\t\t\t\t\t\t<\/div>\n\t\t\t\t<\/div>\n\t\t\t\t<\/div>\n\t\t\t\t\t<\/div>\n\t\t\t\t<\/div>\n\t\t<div class=\"elementor-element elementor-element-e2e98b9 e-flex e-con-boxed e-con e-parent\" data-id=\"e2e98b9\" data-element_type=\"container\">\n\t\t\t\t\t<div class=\"e-con-inner\">\n\t\t\t\t<div class=\"elementor-element elementor-element-8b922cd elementor-widget-divider--view-line elementor-widget elementor-widget-divider\" data-id=\"8b922cd\" data-element_type=\"widget\" data-widget_type=\"divider.default\">\n\t\t\t\t<div class=\"elementor-widget-container\">\n\t\t\t<style>\/*! elementor - v3.21.0 - 22-05-2024 *\/\n.elementor-widget-divider{--divider-border-style:none;--divider-border-width:1px;--divider-color:#0c0d0e;--divider-icon-size:20px;--divider-element-spacing:10px;--divider-pattern-height:24px;--divider-pattern-size:20px;--divider-pattern-url:none;--divider-pattern-repeat:repeat-x}.elementor-widget-divider .elementor-divider{display:flex}.elementor-widget-divider .elementor-divider__text{font-size:15px;line-height:1;max-width:95%}.elementor-widget-divider .elementor-divider__element{margin:0 var(--divider-element-spacing);flex-shrink:0}.elementor-widget-divider .elementor-icon{font-size:var(--divider-icon-size)}.elementor-widget-divider .elementor-divider-separator{display:flex;margin:0;direction:ltr}.elementor-widget-divider--view-line_icon .elementor-divider-separator,.elementor-widget-divider--view-line_text .elementor-divider-separator{align-items:center}.elementor-widget-divider--view-line_icon .elementor-divider-separator:after,.elementor-widget-divider--view-line_icon .elementor-divider-separator:before,.elementor-widget-divider--view-line_text .elementor-divider-separator:after,.elementor-widget-divider--view-line_text .elementor-divider-separator:before{display:block;content:\"\";border-block-end:0;flex-grow:1;border-block-start:var(--divider-border-width) var(--divider-border-style) var(--divider-color)}.elementor-widget-divider--element-align-left .elementor-divider .elementor-divider-separator>.elementor-divider__svg:first-of-type{flex-grow:0;flex-shrink:100}.elementor-widget-divider--element-align-left .elementor-divider-separator:before{content:none}.elementor-widget-divider--element-align-left .elementor-divider__element{margin-left:0}.elementor-widget-divider--element-align-right .elementor-divider .elementor-divider-separator>.elementor-divider__svg:last-of-type{flex-grow:0;flex-shrink:100}.elementor-widget-divider--element-align-right .elementor-divider-separator:after{content:none}.elementor-widget-divider--element-align-right .elementor-divider__element{margin-right:0}.elementor-widget-divider--element-align-start .elementor-divider .elementor-divider-separator>.elementor-divider__svg:first-of-type{flex-grow:0;flex-shrink:100}.elementor-widget-divider--element-align-start .elementor-divider-separator:before{content:none}.elementor-widget-divider--element-align-start .elementor-divider__element{margin-inline-start:0}.elementor-widget-divider--element-align-end .elementor-divider .elementor-divider-separator>.elementor-divider__svg:last-of-type{flex-grow:0;flex-shrink:100}.elementor-widget-divider--element-align-end .elementor-divider-separator:after{content:none}.elementor-widget-divider--element-align-end .elementor-divider__element{margin-inline-end:0}.elementor-widget-divider:not(.elementor-widget-divider--view-line_text):not(.elementor-widget-divider--view-line_icon) .elementor-divider-separator{border-block-start:var(--divider-border-width) var(--divider-border-style) var(--divider-color)}.elementor-widget-divider--separator-type-pattern{--divider-border-style:none}.elementor-widget-divider--separator-type-pattern.elementor-widget-divider--view-line .elementor-divider-separator,.elementor-widget-divider--separator-type-pattern:not(.elementor-widget-divider--view-line) .elementor-divider-separator:after,.elementor-widget-divider--separator-type-pattern:not(.elementor-widget-divider--view-line) .elementor-divider-separator:before,.elementor-widget-divider--separator-type-pattern:not([class*=elementor-widget-divider--view]) .elementor-divider-separator{width:100%;min-height:var(--divider-pattern-height);-webkit-mask-size:var(--divider-pattern-size) 100%;mask-size:var(--divider-pattern-size) 100%;-webkit-mask-repeat:var(--divider-pattern-repeat);mask-repeat:var(--divider-pattern-repeat);background-color:var(--divider-color);-webkit-mask-image:var(--divider-pattern-url);mask-image:var(--divider-pattern-url)}.elementor-widget-divider--no-spacing{--divider-pattern-size:auto}.elementor-widget-divider--bg-round{--divider-pattern-repeat:round}.rtl .elementor-widget-divider .elementor-divider__text{direction:rtl}.e-con-inner>.elementor-widget-divider,.e-con>.elementor-widget-divider{width:var(--container-widget-width,100%);--flex-grow:var(--container-widget-flex-grow)}<\/style>\t\t<div class=\"elementor-divider\">\n\t\t\t<span class=\"elementor-divider-separator\">\n\t\t\t\t\t\t<\/span>\n\t\t<\/div>\n\t\t\t\t<\/div>\n\t\t\t\t<\/div>\n\t\t\t\t\t<\/div>\n\t\t\t\t<\/div>\n\t\t<div class=\"elementor-element elementor-element-9ec25be e-flex e-con-boxed e-con e-parent\" data-id=\"9ec25be\" data-element_type=\"container\">\n\t\t\t\t\t<div class=\"e-con-inner\">\n\t\t\t\t<div class=\"elementor-element elementor-element-1bd8739 elementor-widget elementor-widget-heading\" data-id=\"1bd8739\" data-element_type=\"widget\" data-widget_type=\"heading.default\">\n\t\t\t\t<div class=\"elementor-widget-container\">\n\t\t\t<h2 class=\"elementor-heading-title elementor-size-default\">AUFRUF:\n\nEs lebe die Rote Frauenbewegung!\nHeraus zum 8. M\u00e4rz!<\/h2>\t\t<\/div>\n\t\t\t\t<\/div>\n\t\t\t\t\t<\/div>\n\t\t\t\t<\/div>\n\t\t<div class=\"elementor-element elementor-element-dced313 e-flex e-con-boxed e-con e-parent\" data-id=\"dced313\" data-element_type=\"container\">\n\t\t\t\t\t<div class=\"e-con-inner\">\n\t\t\t\t<div class=\"elementor-element elementor-element-fcd1c88 elementor-widget elementor-widget-html\" data-id=\"fcd1c88\" data-element_type=\"widget\" data-widget_type=\"html.default\">\n\t\t\t\t<div class=\"elementor-widget-container\">\n\t\t\t<object data=\"http:\/\/roterbund.de\/wp-content\/uploads\/2026\/02\/RF-Aufruf-8-Maerz.pdf\" type=\"application\/pdf\" width=\"100%\" height=\"1000\"> <\/object>\t\t<\/div>\n\t\t\t\t<\/div>\n\t\t\t\t\t<\/div>\n\t\t\t\t<\/div>\n\t\t<div class=\"elementor-element elementor-element-c32e57e e-flex e-con-boxed e-con e-parent\" data-id=\"c32e57e\" data-element_type=\"container\">\n\t\t\t\t\t<div class=\"e-con-inner\">\n\t\t\t\t<div class=\"elementor-element elementor-element-c877317 elementor-widget-divider--view-line elementor-widget elementor-widget-divider\" data-id=\"c877317\" data-element_type=\"widget\" data-widget_type=\"divider.default\">\n\t\t\t\t<div class=\"elementor-widget-container\">\n\t\t\t\t\t<div class=\"elementor-divider\">\n\t\t\t<span class=\"elementor-divider-separator\">\n\t\t\t\t\t\t<\/span>\n\t\t<\/div>\n\t\t\t\t<\/div>\n\t\t\t\t<\/div>\n\t\t\t\t\t<\/div>\n\t\t\t\t<\/div>\n\t\t<div class=\"elementor-element elementor-element-f9b972f e-flex e-con-boxed e-con e-parent\" data-id=\"f9b972f\" data-element_type=\"container\">\n\t\t\t\t\t<div class=\"e-con-inner\">\n\t\t\t\t<div class=\"elementor-element elementor-element-905add8 elementor-widget elementor-widget-heading\" data-id=\"905add8\" data-element_type=\"widget\" data-widget_type=\"heading.default\">\n\t\t\t\t<div class=\"elementor-widget-container\">\n\t\t\t<h4 class=\"elementor-heading-title elementor-size-default\">Es wird nach dem 8. M\u00e4rz eine Reihe von Veranstaltungen in unterschiedlichen St\u00e4dten geben, auf denen wir euch die Rote Frauenbewegung vorstellen wollen und euch herzlich einladen, mit uns ins Gespr\u00e4ch zu kommen:<\/h4>\t\t<\/div>\n\t\t\t\t<\/div>\n\t\t\t\t\t<\/div>\n\t\t\t\t<\/div>\n\t\t<div class=\"elementor-element elementor-element-d321474 e-grid e-con-boxed e-con e-parent\" data-id=\"d321474\" data-element_type=\"container\">\n\t\t\t\t\t<div class=\"e-con-inner\">\n\t\t\t\t<div class=\"elementor-element elementor-element-b747ae3 elementor-widget elementor-widget-text-editor\" data-id=\"b747ae3\" data-element_type=\"widget\" data-widget_type=\"text-editor.default\">\n\t\t\t\t<div class=\"elementor-widget-container\">\n\t\t\t\t\t\t\t<p><span style=\"text-decoration: underline;\"><strong>Bremen:<\/strong><\/span><\/p><p>Mitwoch, 11. M\u00e4rz, um 19:00 Uhr<\/p><p>Haltestelle Bei den drei Pf\u00e4hlen<\/p>\t\t\t\t\t\t<\/div>\n\t\t\t\t<\/div>\n\t\t\t\t<div class=\"elementor-element elementor-element-1991a09 elementor-widget elementor-widget-text-editor\" data-id=\"1991a09\" data-element_type=\"widget\" data-widget_type=\"text-editor.default\">\n\t\t\t\t<div class=\"elementor-widget-container\">\n\t\t\t\t\t\t\t<p><span style=\"text-decoration: underline;\"><strong>Hamburg:<\/strong><\/span><\/p><p>Donnerstag, 12. M\u00e4rz, um 19:00 Uhr<\/p><p>Mut! Theater, Amandastra\u00dfe 58<\/p>\t\t\t\t\t\t<\/div>\n\t\t\t\t<\/div>\n\t\t\t\t<div class=\"elementor-element elementor-element-a6c1776 elementor-widget elementor-widget-text-editor\" data-id=\"a6c1776\" data-element_type=\"widget\" data-widget_type=\"text-editor.default\">\n\t\t\t\t<div class=\"elementor-widget-container\">\n\t\t\t\t\t\t\t<p>Essen:<\/p><p>Freitag, 13. M\u00e4rz, um 18:30 Uhr<\/p><p>&#8220;Treffpunkt Altendorf&#8221;, Kopernikusstr. 8<\/p>\t\t\t\t\t\t<\/div>\n\t\t\t\t<\/div>\n\t\t\t\t<div class=\"elementor-element elementor-element-2cb8ea3 elementor-widget elementor-widget-text-editor\" data-id=\"2cb8ea3\" data-element_type=\"widget\" data-widget_type=\"text-editor.default\">\n\t\t\t\t<div class=\"elementor-widget-container\">\n\t\t\t\t\t\t\t<p><span style=\"text-decoration: underline;\"><strong>D\u00fcsseldorf:<\/strong><\/span><\/p><p>Samstag, 14. M\u00e4rz, um 15:30 Uhr<\/p><p>Linkes Zentrum Hinterhof, Corneliusstra\u00dfe 108<\/p>\t\t\t\t\t\t<\/div>\n\t\t\t\t<\/div>\n\t\t\t\t<div class=\"elementor-element elementor-element-51ab411 elementor-widget elementor-widget-text-editor\" data-id=\"51ab411\" data-element_type=\"widget\" data-widget_type=\"text-editor.default\">\n\t\t\t\t<div class=\"elementor-widget-container\">\n\t\t\t\t\t\t\t<p><span style=\"text-decoration: underline;\"><strong>K\u00f6ln:<\/strong><\/span><\/p><p>Sonntag, 15. M\u00e4rz, um 17:30 Uhr<\/p><p>Integrationshaus e.V., Neuerburgstr. 2<\/p>\t\t\t\t\t\t<\/div>\n\t\t\t\t<\/div>\n\t\t\t\t\t<\/div>\n\t\t\t\t<\/div>\n\t\t<div class=\"elementor-element elementor-element-85d62c5 e-flex e-con-boxed e-con e-parent\" data-id=\"85d62c5\" data-element_type=\"container\">\n\t\t\t\t\t<div class=\"e-con-inner\">\n\t\t\t\t<div class=\"elementor-element elementor-element-641aedf elementor-widget-divider--view-line elementor-widget elementor-widget-divider\" data-id=\"641aedf\" data-element_type=\"widget\" data-widget_type=\"divider.default\">\n\t\t\t\t<div class=\"elementor-widget-container\">\n\t\t\t\t\t<div class=\"elementor-divider\">\n\t\t\t<span class=\"elementor-divider-separator\">\n\t\t\t\t\t\t<\/span>\n\t\t<\/div>\n\t\t\t\t<\/div>\n\t\t\t\t<\/div>\n\t\t\t\t\t<\/div>\n\t\t\t\t<\/div>\n\t\t<div class=\"elementor-element elementor-element-c849a16 e-flex e-con-boxed e-con e-parent\" data-id=\"c849a16\" data-element_type=\"container\">\n\t\t\t\t\t<div class=\"e-con-inner\">\n\t\t\t\t<div class=\"elementor-element elementor-element-a04959e elementor-widget-divider--view-line elementor-widget elementor-widget-divider\" data-id=\"a04959e\" data-element_type=\"widget\" data-widget_type=\"divider.default\">\n\t\t\t\t<div class=\"elementor-widget-container\">\n\t\t\t\t\t<div class=\"elementor-divider\">\n\t\t\t<span class=\"elementor-divider-separator\">\n\t\t\t\t\t\t<\/span>\n\t\t<\/div>\n\t\t\t\t<\/div>\n\t\t\t\t<\/div>\n\t\t\t\t\t<\/div>\n\t\t\t\t<\/div>\n\t\t<div class=\"elementor-element elementor-element-01b3134 e-flex e-con-boxed e-con e-parent\" data-id=\"01b3134\" data-element_type=\"container\">\n\t\t\t\t\t<div class=\"e-con-inner\">\n\t\t\t\t<div class=\"elementor-element elementor-element-21f7578 elementor-widget elementor-widget-text-editor\" data-id=\"21f7578\" data-element_type=\"widget\" data-widget_type=\"text-editor.default\">\n\t\t\t\t<div class=\"elementor-widget-container\">\n\t\t\t\t\t\t\t<p style=\"line-height: 100%; margin-bottom: 0cm;\" align=\"right\"><i>Proletarier aller L\u00e4nder, vereinigt euch!<\/i><\/p><p style=\"line-height: 100%; margin-bottom: 0cm;\">\u00a0<\/p><p style=\"line-height: 100%; margin-bottom: 0cm;\">\u00a0<\/p><h2 class=\"western\" align=\"center\">Heraus zur Luxemburg-Liebknecht-Lenin Demonstration 2026!<\/h2><p style=\"line-height: 100%; margin-bottom: 0cm;\" align=\"center\">\u00a0<\/p><p style=\"line-height: 100%; margin-bottom: 0cm;\" align=\"center\">\u00a0<\/p><p style=\"line-height: 100%; margin-bottom: 0cm;\" align=\"justify\">Der allgemeine Kontext, in dem die LLL &#8211; Demonstration 2026 stattfindet, ist, dass die ganze Welt immer mehr in Aufruhr ist. Imperialistische Aggressionskriege gegen die unterdr\u00fcckten Nationen und V\u00f6lker, wie in Pal\u00e4stina und in der Ukraine, Militarisierung, Kriegstreiberei und eine starke faschistoide Entwicklungstendenz in den imperialistischen Staaten, begleitet von einer Generaloffensive gegen die Lebensbedingungen der Arbeiter und Volksmassen, mit wachsender Armut, Hunger und Misere als Folge, pr\u00e4gen das Weltpanorama.<\/p><p style=\"line-height: 100%; margin-bottom: 0cm;\" align=\"justify\">\u00a0<\/p><p style=\"line-height: 100%; margin-bottom: 0cm;\" align=\"justify\">In Deutschland vertieft sich die Krise der herrschenden Ordnung. Um die Wirtschaftskrise zu \u00fcberwinden setzt das Finanzkapital und sein Staat auf verst\u00e4rkten Staatskapitalismus und gleichzeitig werden Millionen in Arbeitslosigkeit und Armut geworfen. Um die Krise des Parlamentarismus zu \u00fcberwinden wird die faschistoide AfD als eine \u201eradikale Alternative\u201c aufgeblasen, wenn sie doch nichts anderes ist, als der treueste Verteidiger der Ausbeutung und Unterdr\u00fcckung, und dieser \u201eSchreck\u201c wird dann benutzt, um das b\u00fcrgerlich-liberale Kleinb\u00fcrgertum im Namen des \u201eAntifaschismus\u201c zur Verteidigung des imperialistischen Staats zu mobilisieren \u2013 alles um jede Form des Unmuts und des m\u00f6glichen Widerstands in gesetzestreue Bahnen zu lenken. Ideologisch wird jede Form von idealistischer Degeneration gef\u00f6rdert, sei es \u201epost-moderne\u201c Dekadenz oder \u201ekonservativer\u201c reaktion\u00e4rer Obskurantismus \u2013 alles nichts anderes als unterschiedliche Ausdr\u00fccke der gleichen imperialistischen chauvinistischen Ideologie. Die Umstellung der Bundeswehr von einer Streitkraft, die haupts\u00e4chlich darauf ausgerichtet ist moderne Kolonialkriege zu f\u00fchren, auf eine, die wieder in direkte Konfrontation mit den Heeren anderer imperialistischer M\u00e4chte treten kann, fordert die steigende Militarisierung des Staates als Ganzes, nat\u00fcrlich vor allem seiner unterschiedlichen bewaffneten Organe. Militarismus und Kriegshetze sind wieder vollkommen salonf\u00e4hig geworden und wieder soll die Jugend der Arbeiterklasse und des Volkes bereit sein in die Sch\u00fctzengr\u00e4ben zu marschieren, um sich abschlachten zu lassen auf dem blutigen Altar des heiligen Profits. Kurz gesagt: Reaktion auf ganzer Linie.<\/p><p style=\"line-height: 100%; margin-bottom: 0cm;\" align=\"justify\">\u00a0<\/p><p style=\"line-height: 100%; margin-bottom: 0cm;\" align=\"justify\">Aber die finsteren Pl\u00e4ne der Ausbeuter und Unterdr\u00fccker sto\u00dfen mehr und mehr auf kraftvollen Widerstand. Hier in Deutschland ist die starke Entwicklung der anti-imperialistischen Bewegung ein qualitativer Sprung in der Entwicklung der Volksbewegung, der verst\u00e4rkte Widerstand der Arbeiterklasse und die anwachsende anti-militaristischen Bewegung zeigen gro\u00dfartige Perspektiven. Die V\u00f6lker und unterdr\u00fcckten Nationen der Welt erheben sich im Kampf gegen die Imperialisten und deren Helfershelfer. Der heldenhafte Kampf der nationalen Widerstandsfront in Pal\u00e4stina gegen den barbarischen V\u00f6lkermord der israelischen Schl\u00e4chter und ihrer US-imperialistischen Herren, ist eine Quelle der Inspiration welche einen gro\u00dfen Ansto\u00df zur Entwicklung der anti-imperialistischen Bewegung \u00fcberall auf der Erde gegeben hat. Gleichzeitig entwickelt sich seit dem Sommer 2024 eine Welle von Volksaufst\u00e4nden, in Bangladesch, Indonesien, Nepal, Madagaskar, Mosambik, Marokko und Peru haben sich die Massen erhoben und die alte Ordnung in ihrem Fundament ersch\u00fcttert, \u00fcberall mitangef\u00fchrt von einer neuen Generation von K\u00e4mpfern. Die K\u00e4mpfe in Frankreich im September und der massive Volksaufstand in Ecuador im Oktober-November, beide mit einem deutlich h\u00f6heren Grad von Organisation und einer starken Aktivit\u00e4t der Kommunisten, passen in das gleiche Bild. Die Massen schreien nach der Organisation ihrer Rebellion und zeigen das Vorhandensein einer revolution\u00e4ren Situation, in ungleicher, aber wachsender Entwicklung in der ganzen Welt. Das ist die Hauptursache der verst\u00e4rkten Aggression der Imperialisten gegen die V\u00f6lker und unterdr\u00fcckten Nationen. Die Revolution ist die Haupttendenz.<\/p><p style=\"line-height: 100%; margin-bottom: 0cm;\" align=\"justify\">\u00a0<\/p><p style=\"line-height: 100%; margin-bottom: 0cm;\" align=\"justify\">Die objektiven Voraussetzungen f\u00fcr einen gro\u00dfen Sprung in der Entwicklung der proletarischen Weltrevolution sind vorhanden. Das Problem liegt in der, so oft fehlenden, F\u00fchrung durch die Kommunistischen Parteien. Die bewaffneten proletarischen Avantgarden in den unterdr\u00fcckten Nationen, die Kommunistischen Parteien, die die Volkskriege f\u00fchren, spielen in dieser Situation eine entscheidende Rolle f\u00fcr die Entwicklung des Kampfes gegen den Imperialismus. Diese Parteien bilden die Vorhut der wachsenden Armee der Unterdr\u00fcckten und Ausgebeuteten. Sie sind die lebendigen Beispiele f\u00fcr die Verschmelzung der proletarischen Bewegung mit der nationalen Befreiungsbewegung unter der F\u00fchrung des Marxismus-Leninismus-Maoismus. In diesem Sinne geht die Bedeutung der von den Maoisten gef\u00fchrten Volkskriege weit \u00fcber ihre nationale Resonanz hinaus, sie sind entscheidend f\u00fcr den Kampf um den Triumph des Kommunismus in der ganzen Welt.<\/p><p style=\"line-height: 100%; margin-bottom: 0cm;\" align=\"justify\">\u00a0<\/p><p style=\"line-height: 100%; margin-bottom: 0cm;\" align=\"justify\">In diesem Sinne m\u00fcssen wir verstehen, was gerade in Indien passiert. Seit Anfang 2024 entwickelt der indische b\u00fcrokrat-kapitalistische und halb-feudale Staat mit voller Wucht eine massive Offensive, genannt <i><b> <\/b><\/i><span style=\"font-style: normal;\"><span style=\"font-weight: normal;\">\u201eOperation Kagaar\u201c,<\/span><\/span><i><b> <\/b><\/i><span style=\"font-style: normal;\"><span style=\"font-weight: normal;\">mit welche<\/span><\/span><span style=\"font-style: normal;\"><span style=\"font-weight: normal;\">r<\/span><\/span><span style=\"font-style: normal;\"><span style=\"font-weight: normal;\"> e<\/span><\/span><span style=\"font-style: normal;\"><span style=\"font-weight: normal;\">r<\/span><\/span><span style=\"font-style: normal;\"><span style=\"font-weight: normal;\"> versuch<\/span><\/span><span style=\"font-style: normal;\"><span style=\"font-weight: normal;\">t<\/span><\/span><span style=\"font-style: normal;\"><span style=\"font-weight: normal;\"> d<\/span><\/span><span style=\"font-style: normal;\"><span style=\"font-weight: normal;\">ie<\/span><\/span><span style=\"font-style: normal;\"><span style=\"font-weight: normal;\"> neu-demokratische Revolution in Indien zu besiegen. Durch d<\/span><\/span><span style=\"font-style: normal;\"><span style=\"font-weight: normal;\">ie<\/span><\/span><span style=\"font-style: normal;\"><span style=\"font-weight: normal;\"> Anwendung von <\/span><\/span><span style=\"font-style: normal;\"><span style=\"font-weight: normal;\">k<\/span><\/span><span style=\"font-style: normal;\"><span style=\"font-weight: normal;\">onterrevolution\u00e4ren Strategie<\/span><\/span><span style=\"font-style: normal;\"><span style=\"font-weight: normal;\">n<\/span><\/span><span style=\"font-style: normal;\"><span style=\"font-weight: normal;\"> de<\/span><\/span><span style=\"font-style: normal;\"><span style=\"font-weight: normal;\">r<\/span><\/span><span style=\"font-style: normal;\"><span style=\"font-weight: normal;\"> sogenannten <\/span><\/span><span style=\"font-style: normal;\"><span style=\"font-weight: normal;\">\u201e<\/span><\/span><span style=\"font-style: normal;\"><span style=\"font-weight: normal;\">Konflikts niedriger Intensit\u00e4t<\/span><\/span><span style=\"font-style: normal;\"><span style=\"font-weight: normal;\">\u201c, <\/span><\/span><span style=\"font-style: normal;\"><span style=\"font-weight: normal;\">entwickelt vor allem vo<\/span><\/span><span style=\"font-style: normal;\"><span style=\"font-weight: normal;\">m<\/span><\/span><span style=\"font-style: normal;\"><span style=\"font-weight: normal;\"> US-Imperialismus um Revolutionen und <\/span><\/span><span style=\"font-style: normal;\"><span style=\"font-weight: normal;\">n<\/span><\/span><span style=\"font-style: normal;\"><span style=\"font-weight: normal;\">ationale Befreiungskriege in Blut zu ertr\u00e4nken, <\/span><\/span><span style=\"font-style: normal;\"><span style=\"font-weight: normal;\">wird ein allumfassende<\/span><\/span><span style=\"font-style: normal;\"><span style=\"font-weight: normal;\">r<\/span><\/span><span style=\"font-style: normal;\"><span style=\"font-weight: normal;\"> Krieg gegen d<\/span><\/span><span style=\"font-style: normal;\"><span style=\"font-weight: normal;\">ie<\/span><\/span><span style=\"font-style: normal;\"><span style=\"font-weight: normal;\"> Kommunistische Partei Indie<\/span><\/span><span style=\"font-style: normal;\"><span style=\"font-weight: normal;\">n<\/span><\/span><span style=\"font-style: normal;\"><span style=\"font-weight: normal;\">s<\/span><\/span><span style=\"font-style: normal;\"><span style=\"font-weight: normal;\"> (Maoist<\/span><\/span><span style=\"font-style: normal;\"><span style=\"font-weight: normal;\">isch<\/span><\/span><span style=\"font-style: normal;\"><span style=\"font-weight: normal;\">), d<\/span><\/span><span style=\"font-style: normal;\"><span style=\"font-weight: normal;\">ie<\/span><\/span><span style=\"font-style: normal;\"><span style=\"font-weight: normal;\"> von i<\/span><\/span><span style=\"font-style: normal;\"><span style=\"font-weight: normal;\">hr<\/span><\/span><span style=\"font-style: normal;\"><span style=\"font-weight: normal;\"> gef\u00fchrte Volksbefreiungs<\/span><\/span><span style=\"font-style: normal;\"><span style=\"font-weight: normal;\">guerilla<\/span><\/span><span style=\"font-style: normal;\"><span style=\"font-weight: normal;\">arme<\/span><\/span><span style=\"font-style: normal;\"><span style=\"font-weight: normal;\">e<\/span><\/span><span style=\"font-style: normal;\"><span style=\"font-weight: normal;\"> (VB<\/span><\/span><span style=\"font-style: normal;\"><span style=\"font-weight: normal;\">G<\/span><\/span><span style=\"font-style: normal;\"><span style=\"font-weight: normal;\">A), die Revolutionskomitees (die Organe de<\/span><\/span><span style=\"font-style: normal;\"><span style=\"font-weight: normal;\">r<\/span><\/span><span style=\"font-style: normal;\"><span style=\"font-weight: normal;\"> neue<\/span><\/span><span style=\"font-style: normal;\"><span style=\"font-weight: normal;\">n<\/span><\/span><span style=\"font-style: normal;\"><span style=\"font-weight: normal;\"> Volksmacht), den Massen in <\/span><\/span><span style=\"font-style: normal;\"><span style=\"font-weight: normal;\">der <\/span><\/span><span style=\"font-style: normal;\"><span style=\"font-weight: normal;\">Stadt und auf <\/span><\/span><span style=\"font-style: normal;\"><span style=\"font-weight: normal;\">dem<\/span><\/span><span style=\"font-style: normal;\"><span style=\"font-weight: normal;\"> Land, sowie <\/span><\/span><span style=\"font-style: normal;\"><span style=\"font-weight: normal;\">gegen <\/span><\/span><span style=\"font-style: normal;\"><span style=\"font-weight: normal;\">jeden, d<\/span><\/span><span style=\"font-style: normal;\"><span style=\"font-weight: normal;\">er<\/span><\/span><span style=\"font-style: normal;\"><span style=\"font-weight: normal;\"> sich mit d<\/span><\/span><span style=\"font-style: normal;\"><span style=\"font-weight: normal;\">er<\/span><\/span><span style=\"font-style: normal;\"><span style=\"font-weight: normal;\"> revolution\u00e4re<\/span><\/span><span style=\"font-style: normal;\"><span style=\"font-weight: normal;\">n<\/span><\/span><span style=\"font-style: normal;\"><span style=\"font-weight: normal;\"> Bewegung solidarisier<\/span><\/span><span style=\"font-style: normal;\"><span style=\"font-weight: normal;\">t<\/span><\/span><span style=\"font-style: normal;\"><span style=\"font-weight: normal;\">, gef\u00fchrt. Der Blutzoll des Volkes ist hoch. I<\/span><\/span><span style=\"font-style: normal;\"><span style=\"font-weight: normal;\">m<\/span><\/span> M\u00e4rz diesen Jahres ist der Generalsekret\u00e4r der KPI (Maoistisch), Genosse Basavaraj, gefallen. Bis jetzt sind im Verlauf der <span style=\"font-style: normal;\"><span style=\"font-weight: normal;\">\u201eOperation Kagaar\u201c<\/span><\/span> acht Zentralkomiteemitglieder, dutzende von F\u00fchrungskadern und hunderte von Parteimitgliedern, K\u00e4mpfer der VBGA, Aktivisten und Massen, get\u00f6tet geworden. Genau wie damals Luxemburg, Liebknecht und Lenin haben diese bis zum letzten Ende die rote Fahne hochgehalten und ihr Leben f\u00fcr die Kommunistische Partei und die Revolution gegeben.<\/p><p style=\"line-height: 100%; margin-bottom: 0cm;\" align=\"justify\">\u00a0<\/p><p style=\"line-height: 100%; margin-bottom: 0cm;\" align=\"justify\">Immer wenn ein revolution\u00e4rer Prozess durch schwierige Zeiten geht, tauchen ein Haufen Renegaten auf. So auch jetzt in Indien. Einige ehemalige F\u00fchrer der KPI (Maoistisch) haben kapituliert und sich in die Reihen der Konterrevolution gestellt und jetzt bek\u00e4mpfen sie aktiv die Genossen. Sie nehmen an der psychologischen Kriegsf\u00fchrung des indischen Staates teil und stiften weiter zu Verrat und Fahnenflucht an. Aber, das Zentralkomitee steht fest gegen den reaktion\u00e4re Ansturm an der Spitze einer wahren maoistischen Partei und einer revolution\u00e4ren Arme, gest\u00e4hlt in langen Jahren Volkskrieg und mit einer Massenbasis von Millionen, diese Genossen werden jede Pr\u00fcfung bestehen und den Kurs halten, bis zum endg\u00fcltigen Sieg. Es ist unsere proletarische internationalistische Pflicht in diesem Kampf, der von gr\u00f6\u00dftem strategischem Gewicht im Kampf f\u00fcr den Sieg des Kommunismus in der ganzen Welt ist, den Genossen mit all unserer Kraft zur Seite zu stehen. Wir machen uns in diesem Sinn die W\u00f6rter des Internationalen Kommunistischen Bund zu eigen:<\/p><p style=\"line-height: 100%; margin-bottom: 0cm;\" align=\"justify\">\u00a0<\/p><p align=\"justify\"><b><i>Wir m\u00fcssen unsere Anstrengungen zur Entwicklung der internationalen Kampagne zur Unterst\u00fctzung des Volkskriegs in Indien verdoppeln. Wir d\u00fcrfen nicht zulassen, dass der ruchlose Plan des Imperialismus als Teil seiner \u201e<\/i><i>Konflikts niedriger Intensit\u00e4t<\/i><i>\u201c-Strategie und der indischen Reaktion\u00e4re, mit Hilfe von Renegaten und Verr\u00e4tern, Verwirrung und Pessimismus zu verbreiten, Erfolg hat. Wir m\u00fcssen die psychologische Kriegsf\u00fchrung des Feindes entlarven, indem wir das Bewusstsein unserer eigenen Kr\u00e4fte und der Massen im Allgemeinen mit der Wahrheit des Marxismus-Leninismus-Maoismus sch\u00e4rfen und unsere ideologische und politische Gegenoffensive entwickeln. Wir m\u00fcssen an allen Fronten in den Kampf ziehen, um alle Angriffe auf unsere indischen Genossen abzuwehren. Wir m\u00fcssen den Imperialisten in den R\u00fccken fallen und alles in unserer Macht Stehende tun, um ihre Pl\u00e4ne zu sabotieren. Wir m\u00fcssen alle vereinen, die vereint werden k\u00f6nnen, um die \u201eOperation Kagaar\u201c \u2013 und die \u201e<\/i><i>K<\/i><i>NI<\/i><i>\u201c-Strategie im Allgemeinen \u2013 zu Fall zu bringen und den Sieg der neudemokratischen Revolution in Indien auf ihrem einzigen Weg, dem Volkskrieg, zu erringen<\/i>. <\/b><span style=\"font-weight: normal;\">(IKB, <\/span><span style=\"font-weight: normal;\">Oktober 2025<\/span><span style=\"font-weight: normal;\">)<\/span><\/p><p style=\"line-height: 100%; margin-bottom: 0cm;\" align=\"justify\">\u00a0<\/p><p style=\"line-height: 100%; margin-bottom: 0cm;\" align=\"justify\">Wir rufen alle Internationalisten, Anti-Imperialisten und Revolution\u00e4re in Deutschland auf, zusammen mit uns Initiative zu ergreifen und die Kampagne zur Unterst\u00fctzung des Volkskriegs in Indien hier im Lande kraftvoll voranzutreiben, als einen zentralen Bestandsteil der dringenden Aufgabe die anti-imperialistische Front aufzubauen.<\/p><p style=\"line-height: 100%; margin-bottom: 0cm;\" align=\"justify\">\u00a0<\/p><p style=\"line-height: 100%; margin-bottom: 0cm;\" align=\"justify\">Heute, wie damals, sind wir sicher, dass die Opfer der Gefallenen niemals umsonst sind. Wenn wir am zweiten Sonntag im Januar auf den Stra\u00dfen Berlins unsere Fahnen wehen lassen, um die Gr\u00fcnder der Kommunistischen Partei Deutschlands und den gro\u00dfen Lenin zu ehren, dann setzen wir auch eine unmissverst\u00e4ndliche Botschaft der Klassensolidarit\u00e4t an unsere Genossen in Indien.<\/p><p style=\"line-height: 100%; margin-bottom: 0cm;\" align=\"justify\">\u00a0<\/p><p style=\"line-height: 100%; margin-bottom: 0cm;\" align=\"justify\">\u00a0<\/p><p style=\"line-height: 100%; margin-bottom: 0cm;\" align=\"center\">Heraus zur LLL-Demonstration 2026!<\/p><p style=\"line-height: 100%; margin-bottom: 0cm;\" align=\"center\">\u00a0<\/p><p style=\"line-height: 100%; margin-bottom: 0cm;\" align=\"center\">Die gefallenen Helden, die unsterblich wurden, sind unsere Ehre!<\/p><p style=\"line-height: 100%; margin-bottom: 0cm;\" align=\"center\">\u00a0<\/p><p style=\"line-height: 100%; margin-bottom: 0cm;\" align=\"center\">Nieder mit der \u201eOperation Kagaar\u201d!<\/p><p style=\"line-height: 100%; margin-bottom: 0cm;\" align=\"center\">\u00a0<\/p><p style=\"line-height: 100%; margin-bottom: 0cm;\" align=\"center\">Es lebe der Volkskrieg in Indien!<\/p><p style=\"line-height: 100%; margin-bottom: 0cm;\" align=\"center\">\u00a0<\/p><p style=\"line-height: 100%; margin-bottom: 0cm;\" align=\"center\">Es lebe der Marxismus-Leninismus-Maoismus!<\/p><p style=\"line-height: 100%; margin-bottom: 0cm;\" align=\"center\">\u00a0<\/p><p align=\"center\"><span style=\"font-weight: normal;\">Es lebe der <\/span><span style=\"font-weight: normal;\">I<\/span><span style=\"font-variant: normal;\"><span style=\"font-weight: normal;\">nternationale <\/span><\/span><span style=\"font-variant: normal;\"><span style=\"font-weight: normal;\">K<\/span><\/span><span style=\"font-variant: normal;\"><span style=\"font-weight: normal;\">ommunistische <\/span><\/span><span style=\"font-variant: normal;\"><span style=\"font-weight: normal;\">B<\/span><\/span><span style=\"font-variant: normal;\"><span style=\"font-weight: normal;\">und<\/span><\/span><b><span style=\"font-variant: normal;\">!<\/span><\/b><\/p><p style=\"line-height: 100%; margin-bottom: 0cm;\" align=\"center\">\u00a0<\/p><p style=\"line-height: 100%; margin-bottom: 0cm;\" align=\"justify\">\u00a0<\/p><p style=\"line-height: 100%; margin-bottom: 0cm;\" align=\"right\"><strong><span style=\"font-variant: small-caps;\">Partizan<\/span><\/strong><\/p><p style=\"line-height: 100%; margin-bottom: 0cm;\" align=\"right\"><strong><span style=\"font-variant: small-caps;\">Rote<\/span><span style=\"font-variant: small-caps;\">r<\/span><span style=\"font-variant: small-caps;\"> Bund<\/span><\/strong><\/p><p style=\"line-height: 100%; margin-bottom: 0cm;\" align=\"right\">Dezember 2025<\/p><p><style type=\"text\/css\">h2 { margin-top: 0.35cm; margin-bottom: 0.21cm; background: transparent; page-break-after: avoid }h2.western { font-family: \"Liberation Sans\", sans-serif; font-size: 16pt; font-weight: bold }h2.cjk { font-family: \"Microsoft YaHei\"; font-size: 16pt; font-weight: bold }h2.ctl { font-family: \"Mangal\"; font-size: 16pt; font-weight: bold }p { line-height: 120%; margin-bottom: 0.25cm; background: transparent }a:link { color: #000080; text-decoration: underline }<\/style><\/p>\t\t\t\t\t\t<\/div>\n\t\t\t\t<\/div>\n\t\t\t\t\t<\/div>\n\t\t\t\t<\/div>\n\t\t<div class=\"elementor-element elementor-element-597890b e-flex e-con-boxed e-con e-parent\" data-id=\"597890b\" data-element_type=\"container\">\n\t\t\t\t\t<div class=\"e-con-inner\">\n\t\t\t\t<div class=\"elementor-element elementor-element-77f2511 elementor-widget elementor-widget-text-editor\" data-id=\"77f2511\" data-element_type=\"widget\" data-widget_type=\"text-editor.default\">\n\t\t\t\t<div class=\"elementor-widget-container\">\n\t\t\t\t\t\t\t<p style=\"line-height: 100%; margin-bottom: 0cm;\" align=\"justify\"><span style=\"font-size: large;\">Am Samstag, den 10. Januar 2026, organisieren wir eine Veranstaltung um 15.00 Uhr zu Ehren der gefallenen Helden mit Schwerpunkt auf unsere indischen Genossen in der Dersim Kulturgemeinde e.V.<\/span><\/p><p style=\"line-height: 100%; margin-bottom: 0cm;\" align=\"justify\"><span style=\"font-size: large;\">Waterloo-Ufer 7, 10961 Berlin<\/span><\/p><p style=\"line-height: 100%; margin-bottom: 0cm;\" align=\"justify\">\u00a0<\/p><p style=\"line-height: 100%; margin-bottom: 0cm;\" align=\"justify\"><span style=\"font-size: large;\">Am Sonntag, den 11. Januar 2026, organisieren wir einen Block auf der LLL-Demonstration unter der Hauptparole <i>Nieder mit der \u201eOperation Kagaar\u201d! &#8211; Es lebe der Volkskrieg in Indien!<\/i> Alle, die den politischen Inhalt unseres Aufrufs teilen, oder im allgemeinen ihre Solidarit\u00e4t mit den indischen Genossen zeigen wollen, sind eingeladen mit uns zu marschieren. <\/span><\/p><p style=\"line-height: 100%; margin-bottom: 0cm;\" align=\"justify\">\u00a0<\/p><p style=\"line-height: 100%; margin-bottom: 0cm;\" align=\"justify\"><span style=\"font-size: large;\"><span lang=\"de-DE\">Diejenige die sich mit uns vor den Aktivit\u00e4ten absprechen wollen k\u00f6nnen uns gerne kontaktierten per Mail an <\/span><\/span><a href=\"mailto:kontakt@roterbund.de\"><span style=\"font-size: large;\">kontakt@roterbund.de<\/span><\/a><\/p><p><style type=\"text\/css\">p { line-height: 120%; margin-bottom: 0.25cm; background: transparent }a:link { color: #000080; text-decoration: underline }<\/style><\/p>\t\t\t\t\t\t<\/div>\n\t\t\t\t<\/div>\n\t\t\t\t\t<\/div>\n\t\t\t\t<\/div>\n\t\t<div class=\"elementor-element elementor-element-da15e24 e-flex e-con-boxed e-con e-parent\" data-id=\"da15e24\" data-element_type=\"container\">\n\t\t\t\t\t<div class=\"e-con-inner\">\n\t\t\t\t<div class=\"elementor-element elementor-element-0158a36 elementor-widget elementor-widget-image\" data-id=\"0158a36\" data-element_type=\"widget\" data-widget_type=\"image.default\">\n\t\t\t\t<div class=\"elementor-widget-container\">\n\t\t\t\t\t\t\t\t\t\t\t\t\t<img decoding=\"async\" width=\"1024\" height=\"142\" src=\"https:\/\/roterbund.de\/wp-content\/uploads\/2025\/12\/partizan-roter-bund-1024x142.jpeg\" class=\"attachment-large size-large wp-image-1458\" alt=\"\" srcset=\"https:\/\/roterbund.de\/wp-content\/uploads\/2025\/12\/partizan-roter-bund-1024x142.jpeg 1024w, https:\/\/roterbund.de\/wp-content\/uploads\/2025\/12\/partizan-roter-bund-300x42.jpeg 300w, https:\/\/roterbund.de\/wp-content\/uploads\/2025\/12\/partizan-roter-bund-768x107.jpeg 768w, https:\/\/roterbund.de\/wp-content\/uploads\/2025\/12\/partizan-roter-bund.jpeg 1131w\" sizes=\"(max-width: 1024px) 100vw, 1024px\" \/>\t\t\t\t\t\t\t\t\t\t\t\t\t<\/div>\n\t\t\t\t<\/div>\n\t\t\t\t\t<\/div>\n\t\t\t\t<\/div>\n\t\t<div class=\"elementor-element elementor-element-caf0258 e-flex e-con-boxed e-con e-parent\" data-id=\"caf0258\" data-element_type=\"container\">\n\t\t\t\t\t<div class=\"e-con-inner\">\n\t\t\t\t<div class=\"elementor-element elementor-element-fc58161 elementor-widget elementor-widget-spacer\" data-id=\"fc58161\" data-element_type=\"widget\" data-widget_type=\"spacer.default\">\n\t\t\t\t<div class=\"elementor-widget-container\">\n\t\t\t<style>\/*! elementor - v3.21.0 - 22-05-2024 *\/\n.elementor-column .elementor-spacer-inner{height:var(--spacer-size)}.e-con{--container-widget-width:100%}.e-con-inner>.elementor-widget-spacer,.e-con>.elementor-widget-spacer{width:var(--container-widget-width,var(--spacer-size));--align-self:var(--container-widget-align-self,initial);--flex-shrink:0}.e-con-inner>.elementor-widget-spacer>.elementor-widget-container,.e-con>.elementor-widget-spacer>.elementor-widget-container{height:100%;width:100%}.e-con-inner>.elementor-widget-spacer>.elementor-widget-container>.elementor-spacer,.e-con>.elementor-widget-spacer>.elementor-widget-container>.elementor-spacer{height:100%}.e-con-inner>.elementor-widget-spacer>.elementor-widget-container>.elementor-spacer>.elementor-spacer-inner,.e-con>.elementor-widget-spacer>.elementor-widget-container>.elementor-spacer>.elementor-spacer-inner{height:var(--container-widget-height,var(--spacer-size))}.e-con-inner>.elementor-widget-spacer.elementor-widget-empty,.e-con>.elementor-widget-spacer.elementor-widget-empty{position:relative;min-height:22px;min-width:22px}.e-con-inner>.elementor-widget-spacer.elementor-widget-empty .elementor-widget-empty-icon,.e-con>.elementor-widget-spacer.elementor-widget-empty .elementor-widget-empty-icon{position:absolute;top:0;bottom:0;left:0;right:0;margin:auto;padding:0;width:22px;height:22px}<\/style>\t\t<div class=\"elementor-spacer\">\n\t\t\t<div class=\"elementor-spacer-inner\"><\/div>\n\t\t<\/div>\n\t\t\t\t<\/div>\n\t\t\t\t<\/div>\n\t\t\t\t\t<\/div>\n\t\t\t\t<\/div>\n\t\t<div class=\"elementor-element elementor-element-99e15e1 e-flex e-con-boxed e-con e-parent\" data-id=\"99e15e1\" data-element_type=\"container\">\n\t\t\t\t\t<div class=\"e-con-inner\">\n\t\t\t\t<div class=\"elementor-element elementor-element-b383824 elementor-widget-divider--view-line elementor-widget elementor-widget-divider\" data-id=\"b383824\" data-element_type=\"widget\" data-widget_type=\"divider.default\">\n\t\t\t\t<div class=\"elementor-widget-container\">\n\t\t\t\t\t<div class=\"elementor-divider\">\n\t\t\t<span class=\"elementor-divider-separator\">\n\t\t\t\t\t\t<\/span>\n\t\t<\/div>\n\t\t\t\t<\/div>\n\t\t\t\t<\/div>\n\t\t\t\t\t<\/div>\n\t\t\t\t<\/div>\n\t\t<div class=\"elementor-element elementor-element-49f4bea e-flex e-con-boxed e-con e-parent\" data-id=\"49f4bea\" data-element_type=\"container\">\n\t\t\t\t\t<div class=\"e-con-inner\">\n\t\t\t\t<div class=\"elementor-element elementor-element-5d97ced elementor-widget elementor-widget-spacer\" data-id=\"5d97ced\" data-element_type=\"widget\" data-widget_type=\"spacer.default\">\n\t\t\t\t<div class=\"elementor-widget-container\">\n\t\t\t\t\t<div class=\"elementor-spacer\">\n\t\t\t<div class=\"elementor-spacer-inner\"><\/div>\n\t\t<\/div>\n\t\t\t\t<\/div>\n\t\t\t\t<\/div>\n\t\t\t\t\t<\/div>\n\t\t\t\t<\/div>\n\t\t<div class=\"elementor-element elementor-element-c052ce7 e-flex e-con-boxed e-con e-parent\" data-id=\"c052ce7\" data-element_type=\"container\">\n\t\t\t\t\t<div class=\"e-con-inner\">\n\t\t\t\t<div class=\"elementor-element elementor-element-f8f72be elementor-widget elementor-widget-image\" data-id=\"f8f72be\" data-element_type=\"widget\" data-widget_type=\"image.default\">\n\t\t\t\t<div class=\"elementor-widget-container\">\n\t\t\t\t\t\t\t\t\t\t\t\t\t<img decoding=\"async\" src=\"https:\/\/demvolkedienen.org\/images\/Koeln\/2025\/Kaypakkaya_Veranstaltung_K%C3%B6ln.jpeg\" title=\"\" alt=\"\" loading=\"lazy\" \/>\t\t\t\t\t\t\t\t\t\t\t\t\t<\/div>\n\t\t\t\t<\/div>\n\t\t\t\t\t<\/div>\n\t\t\t\t<\/div>\n\t\t\t\t<section class=\"elementor-section elementor-top-section elementor-element elementor-element-a50b157 elementor-section-content-middle elementor-section-boxed elementor-section-height-default elementor-section-height-default\" data-id=\"a50b157\" data-element_type=\"section\" data-settings=\"{&quot;background_background&quot;:&quot;classic&quot;}\">\n\t\t\t\t\t\t<div class=\"elementor-container elementor-column-gap-no\">\n\t\t\t\t\t<div class=\"elementor-column elementor-col-100 elementor-top-column elementor-element elementor-element-012fb0e\" data-id=\"012fb0e\" data-element_type=\"column\">\n\t\t\t<div class=\"elementor-widget-wrap elementor-element-populated\">\n\t\t\t\t\t\t<div class=\"elementor-element elementor-element-ee8aa54 elementor-widget-divider--view-line elementor-widget elementor-widget-divider\" data-id=\"ee8aa54\" data-element_type=\"widget\" data-widget_type=\"divider.default\">\n\t\t\t\t<div class=\"elementor-widget-container\">\n\t\t\t\t\t<div class=\"elementor-divider\">\n\t\t\t<span class=\"elementor-divider-separator\">\n\t\t\t\t\t\t<\/span>\n\t\t<\/div>\n\t\t\t\t<\/div>\n\t\t\t\t<\/div>\n\t\t\t\t<section class=\"elementor-section elementor-inner-section elementor-element elementor-element-0f03659 elementor-section-boxed elementor-section-height-default elementor-section-height-default\" data-id=\"0f03659\" data-element_type=\"section\">\n\t\t\t\t\t\t<div class=\"elementor-container elementor-column-gap-no\">\n\t\t\t\t\t<div class=\"elementor-column elementor-col-50 elementor-inner-column elementor-element elementor-element-709bbe0\" data-id=\"709bbe0\" data-element_type=\"column\">\n\t\t\t<div class=\"elementor-widget-wrap elementor-element-populated\">\n\t\t\t\t\t\t<div class=\"elementor-element elementor-element-75e6c95 elementor-widget elementor-widget-heading\" data-id=\"75e6c95\" data-element_type=\"widget\" data-widget_type=\"heading.default\">\n\t\t\t\t<div class=\"elementor-widget-container\">\n\t\t\t<h4 class=\"elementor-heading-title elementor-size-default\">Prinzipienerkl\u00e4rung\nund das Programm der Roten Frauenbewegung (RF) - Deutschland\n\u200b<\/h4>\t\t<\/div>\n\t\t\t\t<\/div>\n\t\t\t\t<div class=\"elementor-element elementor-element-fd20afc elementor-widget elementor-widget-text-editor\" data-id=\"fd20afc\" data-element_type=\"widget\" data-widget_type=\"text-editor.default\">\n\t\t\t\t<div class=\"elementor-widget-container\">\n\t\t\t\t\t\t\t<p>Die Rote Frauenbewegung (RF) -Deutschland hat ihre Prinzipienerkl\u00e4rung und ihr\u00a0 Programm f\u00fcr Tagesforderungen ver\u00f6ffentlicht. Dieses Dokument ist hier zu finden:<\/p>\t\t\t\t\t\t<\/div>\n\t\t\t\t<\/div>\n\t\t\t\t\t<\/div>\n\t\t<\/div>\n\t\t\t\t<div class=\"elementor-column elementor-col-50 elementor-inner-column elementor-element elementor-element-ef2c867\" data-id=\"ef2c867\" data-element_type=\"column\">\n\t\t\t<div class=\"elementor-widget-wrap elementor-element-populated\">\n\t\t\t\t\t\t<div class=\"elementor-element elementor-element-cf94bbd elementor-align-left elementor-widget elementor-widget-button\" data-id=\"cf94bbd\" data-element_type=\"widget\" data-widget_type=\"button.default\">\n\t\t\t\t<div class=\"elementor-widget-container\">\n\t\t\t\t\t<div class=\"elementor-button-wrapper\">\n\t\t\t<a class=\"elementor-button elementor-button-link elementor-size-sm\" href=\"https:\/\/roterbund.de\/index.php\/prinzipienerklaerung-und-das-programm-der-roten-frauenbewegung\" target=\"_blank\">\n\t\t\t\t\t\t<span class=\"elementor-button-content-wrapper\">\n\t\t\t\t\t\t\t\t\t<span class=\"elementor-button-text\">Rote Frauenbewegung (RF) - Dokumente<\/span>\n\t\t\t\t\t<\/span>\n\t\t\t\t\t<\/a>\n\t\t<\/div>\n\t\t\t\t<\/div>\n\t\t\t\t<\/div>\n\t\t\t\t\t<\/div>\n\t\t<\/div>\n\t\t\t\t\t<\/div>\n\t\t<\/section>\n\t\t\t\t<section class=\"elementor-section elementor-inner-section elementor-element elementor-element-608f28e elementor-section-boxed elementor-section-height-default elementor-section-height-default\" data-id=\"608f28e\" data-element_type=\"section\">\n\t\t\t\t\t\t<div class=\"elementor-container elementor-column-gap-no\">\n\t\t\t\t\t<div class=\"elementor-column elementor-col-50 elementor-inner-column elementor-element elementor-element-0621660\" data-id=\"0621660\" data-element_type=\"column\">\n\t\t\t<div class=\"elementor-widget-wrap elementor-element-populated\">\n\t\t\t\t\t\t<div class=\"elementor-element elementor-element-1717552 elementor-widget elementor-widget-heading\" data-id=\"1717552\" data-element_type=\"widget\" data-widget_type=\"heading.default\">\n\t\t\t\t<div class=\"elementor-widget-container\">\n\t\t\t<h4 class=\"elementor-heading-title elementor-size-default\">Erkl\u00e4rung: BEENDIGUNG DER UNGERECHTEN INHAFTIERUNG DES GENOSSEN PRASHANT BOSE UND ALLER POLITISCHER GEFANGENEN<\/h4>\t\t<\/div>\n\t\t\t\t<\/div>\n\t\t\t\t<div class=\"elementor-element elementor-element-1165f4f elementor-widget elementor-widget-text-editor\" data-id=\"1165f4f\" data-element_type=\"widget\" data-widget_type=\"text-editor.default\">\n\t\t\t\t<div class=\"elementor-widget-container\">\n\t\t\t\t\t\t\t<p>Der Rote Bund hat zusammen mit zahlreichen anderen Organisationen eine Erkl\u00e4rung f\u00fcr die politischen Gefangenen in Indien unterscherschrieben. Ihr findet sie hier dokumentiert.<\/p>\t\t\t\t\t\t<\/div>\n\t\t\t\t<\/div>\n\t\t\t\t\t<\/div>\n\t\t<\/div>\n\t\t\t\t<div class=\"elementor-column elementor-col-50 elementor-inner-column elementor-element elementor-element-7de4067\" data-id=\"7de4067\" data-element_type=\"column\">\n\t\t\t<div class=\"elementor-widget-wrap elementor-element-populated\">\n\t\t\t\t\t\t<div class=\"elementor-element elementor-element-eebfbe5 elementor-align-left elementor-widget elementor-widget-button\" data-id=\"eebfbe5\" data-element_type=\"widget\" data-widget_type=\"button.default\">\n\t\t\t\t<div class=\"elementor-widget-container\">\n\t\t\t\t\t<div class=\"elementor-button-wrapper\">\n\t\t\t<a class=\"elementor-button elementor-button-link elementor-size-sm\" href=\"https:\/\/roterbund.de\/index.php\/beendigung-der-ungerechten-inhaftierung-des-genossen-prashant-bose-und-aller-politischer-gefangenen\/\" target=\"_blank\">\n\t\t\t\t\t\t<span class=\"elementor-button-content-wrapper\">\n\t\t\t\t\t\t\t\t\t<span class=\"elementor-button-text\">Erkl\u00e4rung<\/span>\n\t\t\t\t\t<\/span>\n\t\t\t\t\t<\/a>\n\t\t<\/div>\n\t\t\t\t<\/div>\n\t\t\t\t<\/div>\n\t\t\t\t\t<\/div>\n\t\t<\/div>\n\t\t\t\t\t<\/div>\n\t\t<\/section>\n\t\t\t\t<section class=\"elementor-section elementor-inner-section elementor-element elementor-element-7cc7f25 elementor-section-boxed elementor-section-height-default elementor-section-height-default\" data-id=\"7cc7f25\" data-element_type=\"section\">\n\t\t\t\t\t\t<div class=\"elementor-container elementor-column-gap-no\">\n\t\t\t\t\t<div class=\"elementor-column elementor-col-50 elementor-inner-column elementor-element elementor-element-9e75fce\" data-id=\"9e75fce\" data-element_type=\"column\">\n\t\t\t<div class=\"elementor-widget-wrap elementor-element-populated\">\n\t\t\t\t\t\t<div class=\"elementor-element elementor-element-ee736a3 elementor-widget elementor-widget-heading\" data-id=\"ee736a3\" data-element_type=\"widget\" data-widget_type=\"heading.default\">\n\t\t\t\t<div class=\"elementor-widget-container\">\n\t\t\t<h4 class=\"elementor-heading-title elementor-size-default\">Rote Post: Interview mit dem Roten Bund<\/h4>\t\t<\/div>\n\t\t\t\t<\/div>\n\t\t\t\t<div class=\"elementor-element elementor-element-bfbf8e2 elementor-widget elementor-widget-text-editor\" data-id=\"bfbf8e2\" data-element_type=\"widget\" data-widget_type=\"text-editor.default\">\n\t\t\t\t<div class=\"elementor-widget-container\">\n\t\t\t\t\t\t\t<p>Aus Anlass unserer Gr\u00fcndung hat die Redaktion der Roten Post einer Genossin und einem Genossen von uns einige Fragen dazu gestellt, wer wir sind und was wir vorhaben.<\/p>\t\t\t\t\t\t<\/div>\n\t\t\t\t<\/div>\n\t\t\t\t\t<\/div>\n\t\t<\/div>\n\t\t\t\t<div class=\"elementor-column elementor-col-50 elementor-inner-column elementor-element elementor-element-3452404\" data-id=\"3452404\" data-element_type=\"column\">\n\t\t\t<div class=\"elementor-widget-wrap elementor-element-populated\">\n\t\t\t\t\t\t<div class=\"elementor-element elementor-element-83e717e elementor-widget elementor-widget-button\" data-id=\"83e717e\" data-element_type=\"widget\" data-widget_type=\"button.default\">\n\t\t\t\t<div class=\"elementor-widget-container\">\n\t\t\t\t\t<div class=\"elementor-button-wrapper\">\n\t\t\t<a class=\"elementor-button elementor-button-link elementor-size-sm\" href=\"http:\/\/roterbund.de\/index.php\/interview\/\">\n\t\t\t\t\t\t<span class=\"elementor-button-content-wrapper\">\n\t\t\t\t\t\t\t\t\t<span class=\"elementor-button-text\">Zum Interview<\/span>\n\t\t\t\t\t<\/span>\n\t\t\t\t\t<\/a>\n\t\t<\/div>\n\t\t\t\t<\/div>\n\t\t\t\t<\/div>\n\t\t\t\t\t<\/div>\n\t\t<\/div>\n\t\t\t\t\t<\/div>\n\t\t<\/section>\n\t\t\t\t<section class=\"elementor-section elementor-inner-section elementor-element elementor-element-270db0e elementor-section-boxed elementor-section-height-default elementor-section-height-default\" data-id=\"270db0e\" data-element_type=\"section\">\n\t\t\t\t\t\t<div class=\"elementor-container elementor-column-gap-no\">\n\t\t\t\t\t<div class=\"elementor-column elementor-col-50 elementor-inner-column elementor-element elementor-element-601e672\" data-id=\"601e672\" data-element_type=\"column\">\n\t\t\t<div class=\"elementor-widget-wrap elementor-element-populated\">\n\t\t\t\t\t\t<div class=\"elementor-element elementor-element-87865b4 elementor-widget elementor-widget-heading\" data-id=\"87865b4\" data-element_type=\"widget\" data-widget_type=\"heading.default\">\n\t\t\t\t<div class=\"elementor-widget-container\">\n\t\t\t<h4 class=\"elementor-heading-title elementor-size-default\">Gr\u00fcndungserkl\u00e4rung des Roten Bundes<\/h4>\t\t<\/div>\n\t\t\t\t<\/div>\n\t\t\t\t<div class=\"elementor-element elementor-element-1c9ebd0 elementor-widget elementor-widget-text-editor\" data-id=\"1c9ebd0\" data-element_type=\"widget\" data-widget_type=\"text-editor.default\">\n\t\t\t\t<div class=\"elementor-widget-container\">\n\t\t\t\t\t\t\t<p>Der Rote Bund ist eine bundesweite Aktivistenorganisation, in der revolution\u00e4r gesinnte Aktivisten sich auf Grundlage politischer Standpunkte zusammengeschlossenen haben. In unserer Gr\u00fcndungserkl\u00e4rung legen wir diese da.<\/p>\t\t\t\t\t\t<\/div>\n\t\t\t\t<\/div>\n\t\t\t\t\t<\/div>\n\t\t<\/div>\n\t\t\t\t<div class=\"elementor-column elementor-col-50 elementor-inner-column elementor-element elementor-element-5b6d163\" data-id=\"5b6d163\" data-element_type=\"column\">\n\t\t\t<div class=\"elementor-widget-wrap elementor-element-populated\">\n\t\t\t\t\t\t<div class=\"elementor-element elementor-element-799a9ee elementor-widget elementor-widget-button\" data-id=\"799a9ee\" data-element_type=\"widget\" data-widget_type=\"button.default\">\n\t\t\t\t<div class=\"elementor-widget-container\">\n\t\t\t\t\t<div class=\"elementor-button-wrapper\">\n\t\t\t<a class=\"elementor-button elementor-button-link elementor-size-sm\" href=\"http:\/\/roterbund.de\/index.php\/gruendungserklaerung\/\">\n\t\t\t\t\t\t<span class=\"elementor-button-content-wrapper\">\n\t\t\t\t\t\t\t\t\t<span class=\"elementor-button-text\">Zum Dokument<\/span>\n\t\t\t\t\t<\/span>\n\t\t\t\t\t<\/a>\n\t\t<\/div>\n\t\t\t\t<\/div>\n\t\t\t\t<\/div>\n\t\t\t\t\t<\/div>\n\t\t<\/div>\n\t\t\t\t\t<\/div>\n\t\t<\/section>\n\t\t\t\t\t<\/div>\n\t\t<\/div>\n\t\t\t\t\t<\/div>\n\t\t<\/section>\n\t\t<div class=\"elementor-element elementor-element-706ae73 e-flex e-con-boxed e-con e-parent\" data-id=\"706ae73\" data-element_type=\"container\">\n\t\t\t\t\t<div class=\"e-con-inner\">\n\t\t\t\t<div class=\"elementor-element elementor-element-fb40525 elementor-widget-divider--view-line elementor-widget elementor-widget-divider\" data-id=\"fb40525\" data-element_type=\"widget\" data-widget_type=\"divider.default\">\n\t\t\t\t<div class=\"elementor-widget-container\">\n\t\t\t\t\t<div class=\"elementor-divider\">\n\t\t\t<span class=\"elementor-divider-separator\">\n\t\t\t\t\t\t<\/span>\n\t\t<\/div>\n\t\t\t\t<\/div>\n\t\t\t\t<\/div>\n\t\t\t\t\t<\/div>\n\t\t\t\t<\/div>\n\t\t\t\t<\/div>\n\t\t","protected":false},"excerpt":{"rendered":"<p>Gr\u00fcndungserkl\u00e4rung English Espa\u00f1ol Proletarier aller L\u00e4nder, vereinigt euch! Heraus zum 1. Mai! Dieses Jahr rufen wir als Roter Bund all diejenigen auf, die die unten folgenden politischen Standpunkte teilen, gemeinsam [&hellip;]<\/p>\n","protected":false},"author":1,"featured_media":0,"parent":0,"menu_order":0,"comment_status":"closed","ping_status":"closed","template":"","meta":{"_monsterinsights_skip_tracking":false,"_monsterinsights_sitenote_active":false,"_monsterinsights_sitenote_note":"","_monsterinsights_sitenote_category":0,"site-sidebar-layout":"no-sidebar","site-content-layout":"page-builder","ast-site-content-layout":"","site-content-style":"default","site-sidebar-style":"default","ast-global-header-display":"","ast-banner-title-visibility":"","ast-main-header-display":"","ast-hfb-above-header-display":"","ast-hfb-below-header-display":"","ast-hfb-mobile-header-display":"","site-post-title":"disabled","ast-breadcrumbs-content":"disabled","ast-featured-img":"disabled","footer-sml-layout":"","theme-transparent-header-meta":"enabled","adv-header-id-meta":"","stick-header-meta":"","header-above-stick-meta":"","header-main-stick-meta":"","header-below-stick-meta":"","astra-migrate-meta-layouts":"default","ast-page-background-enabled":"default","ast-page-background-meta":{"desktop":{"background-color":"","background-image":"","background-repeat":"repeat","background-position":"center center","background-size":"auto","background-attachment":"scroll","background-type":"","background-media":"","overlay-type":"","overlay-color":"","overlay-gradient":""},"tablet":{"background-color":"","background-image":"","background-repeat":"repeat","background-position":"center center","background-size":"auto","background-attachment":"scroll","background-type":"","background-media":"","overlay-type":"","overlay-color":"","overlay-gradient":""},"mobile":{"background-color":"","background-image":"","background-repeat":"repeat","background-position":"center center","background-size":"auto","background-attachment":"scroll","background-type":"","background-media":"","overlay-type":"","overlay-color":"","overlay-gradient":""}},"ast-content-background-meta":{"desktop":{"background-color":"var(--ast-global-color-5)","background-image":"","background-repeat":"repeat","background-position":"center center","background-size":"auto","background-attachment":"scroll","background-type":"","background-media":"","overlay-type":"","overlay-color":"","overlay-gradient":""},"tablet":{"background-color":"var(--ast-global-color-5)","background-image":"","background-repeat":"repeat","background-position":"center center","background-size":"auto","background-attachment":"scroll","background-type":"","background-media":"","overlay-type":"","overlay-color":"","overlay-gradient":""},"mobile":{"background-color":"var(--ast-global-color-5)","background-image":"","background-repeat":"repeat","background-position":"center center","background-size":"auto","background-attachment":"scroll","background-type":"","background-media":"","overlay-type":"","overlay-color":"","overlay-gradient":""}},"footnotes":""},"class_list":["post-831","page","type-page","status-publish","hentry"],"yoast_head":"<!-- This site is optimized with the Yoast SEO plugin v23.0 - https:\/\/yoast.com\/wordpress\/plugins\/seo\/ -->\n<title>Start - Roter Bund<\/title>\n<meta name=\"robots\" content=\"index, follow, max-snippet:-1, max-image-preview:large, max-video-preview:-1\" \/>\n<link rel=\"canonical\" href=\"https:\/\/roterbund.de\/\" \/>\n<meta property=\"og:locale\" content=\"de_DE\" \/>\n<meta property=\"og:type\" content=\"article\" \/>\n<meta property=\"og:title\" content=\"Start - Roter Bund\" \/>\n<meta property=\"og:description\" content=\"Gr\u00fcndungserkl\u00e4rung English Espa\u00f1ol Proletarier aller L\u00e4nder, vereinigt euch! Heraus zum 1. Mai! Dieses Jahr rufen wir als Roter Bund all diejenigen auf, die die unten folgenden politischen Standpunkte teilen, gemeinsam [&hellip;]\" \/>\n<meta property=\"og:url\" content=\"https:\/\/roterbund.de\/\" \/>\n<meta property=\"og:site_name\" content=\"Roter Bund\" \/>\n<meta property=\"article:modified_time\" content=\"2026-04-14T11:31:05+00:00\" \/>\n<meta property=\"og:image\" content=\"http:\/\/roterbund.de\/wp-content\/uploads\/2026\/04\/1-mai-2026-final-02-727x1024.jpg\" \/>\n<meta name=\"twitter:card\" content=\"summary_large_image\" \/>\n<meta name=\"twitter:label1\" content=\"Gesch\u00e4tzte Lesezeit\" \/>\n\t<meta name=\"twitter:data1\" content=\"16\u00a0Minuten\" \/>\n<script type=\"application\/ld+json\" class=\"yoast-schema-graph\">{\"@context\":\"https:\/\/schema.org\",\"@graph\":[{\"@type\":\"WebPage\",\"@id\":\"https:\/\/roterbund.de\/\",\"url\":\"https:\/\/roterbund.de\/\",\"name\":\"Start - Roter Bund\",\"isPartOf\":{\"@id\":\"https:\/\/roterbund.de\/#website\"},\"primaryImageOfPage\":{\"@id\":\"https:\/\/roterbund.de\/#primaryimage\"},\"image\":{\"@id\":\"https:\/\/roterbund.de\/#primaryimage\"},\"thumbnailUrl\":\"http:\/\/roterbund.de\/wp-content\/uploads\/2026\/04\/1-mai-2026-final-02-727x1024.jpg\",\"datePublished\":\"2021-03-05T20:10:03+00:00\",\"dateModified\":\"2026-04-14T11:31:05+00:00\",\"breadcrumb\":{\"@id\":\"https:\/\/roterbund.de\/#breadcrumb\"},\"inLanguage\":\"de\",\"potentialAction\":[{\"@type\":\"ReadAction\",\"target\":[\"https:\/\/roterbund.de\/\"]}]},{\"@type\":\"ImageObject\",\"inLanguage\":\"de\",\"@id\":\"https:\/\/roterbund.de\/#primaryimage\",\"url\":\"https:\/\/roterbund.de\/wp-content\/uploads\/2026\/04\/1-mai-2026-final-02-scaled.jpg\",\"contentUrl\":\"https:\/\/roterbund.de\/wp-content\/uploads\/2026\/04\/1-mai-2026-final-02-scaled.jpg\",\"width\":1817,\"height\":2560},{\"@type\":\"BreadcrumbList\",\"@id\":\"https:\/\/roterbund.de\/#breadcrumb\",\"itemListElement\":[{\"@type\":\"ListItem\",\"position\":1,\"name\":\"Startseite\",\"item\":\"https:\/\/roterbund.de\/\"},{\"@type\":\"ListItem\",\"position\":2,\"name\":\"Start\"}]},{\"@type\":\"WebSite\",\"@id\":\"https:\/\/roterbund.de\/#website\",\"url\":\"https:\/\/roterbund.de\/\",\"name\":\"Roter Bund\",\"description\":\"Webseite des Roten Bundes\",\"potentialAction\":[{\"@type\":\"SearchAction\",\"target\":{\"@type\":\"EntryPoint\",\"urlTemplate\":\"https:\/\/roterbund.de\/?s={search_term_string}\"},\"query-input\":\"required name=search_term_string\"}],\"inLanguage\":\"de\"}]}<\/script>\n<!-- \/ Yoast SEO plugin. -->","yoast_head_json":{"title":"Start - Roter Bund","robots":{"index":"index","follow":"follow","max-snippet":"max-snippet:-1","max-image-preview":"max-image-preview:large","max-video-preview":"max-video-preview:-1"},"canonical":"https:\/\/roterbund.de\/","og_locale":"de_DE","og_type":"article","og_title":"Start - Roter Bund","og_description":"Gr\u00fcndungserkl\u00e4rung English Espa\u00f1ol Proletarier aller L\u00e4nder, vereinigt euch! Heraus zum 1. Mai! Dieses Jahr rufen wir als Roter Bund all diejenigen auf, die die unten folgenden politischen Standpunkte teilen, gemeinsam [&hellip;]","og_url":"https:\/\/roterbund.de\/","og_site_name":"Roter Bund","article_modified_time":"2026-04-14T11:31:05+00:00","og_image":[{"url":"http:\/\/roterbund.de\/wp-content\/uploads\/2026\/04\/1-mai-2026-final-02-727x1024.jpg"}],"twitter_card":"summary_large_image","twitter_misc":{"Gesch\u00e4tzte Lesezeit":"16\u00a0Minuten"},"schema":{"@context":"https:\/\/schema.org","@graph":[{"@type":"WebPage","@id":"https:\/\/roterbund.de\/","url":"https:\/\/roterbund.de\/","name":"Start - Roter Bund","isPartOf":{"@id":"https:\/\/roterbund.de\/#website"},"primaryImageOfPage":{"@id":"https:\/\/roterbund.de\/#primaryimage"},"image":{"@id":"https:\/\/roterbund.de\/#primaryimage"},"thumbnailUrl":"http:\/\/roterbund.de\/wp-content\/uploads\/2026\/04\/1-mai-2026-final-02-727x1024.jpg","datePublished":"2021-03-05T20:10:03+00:00","dateModified":"2026-04-14T11:31:05+00:00","breadcrumb":{"@id":"https:\/\/roterbund.de\/#breadcrumb"},"inLanguage":"de","potentialAction":[{"@type":"ReadAction","target":["https:\/\/roterbund.de\/"]}]},{"@type":"ImageObject","inLanguage":"de","@id":"https:\/\/roterbund.de\/#primaryimage","url":"https:\/\/roterbund.de\/wp-content\/uploads\/2026\/04\/1-mai-2026-final-02-scaled.jpg","contentUrl":"https:\/\/roterbund.de\/wp-content\/uploads\/2026\/04\/1-mai-2026-final-02-scaled.jpg","width":1817,"height":2560},{"@type":"BreadcrumbList","@id":"https:\/\/roterbund.de\/#breadcrumb","itemListElement":[{"@type":"ListItem","position":1,"name":"Startseite","item":"https:\/\/roterbund.de\/"},{"@type":"ListItem","position":2,"name":"Start"}]},{"@type":"WebSite","@id":"https:\/\/roterbund.de\/#website","url":"https:\/\/roterbund.de\/","name":"Roter Bund","description":"Webseite des Roten Bundes","potentialAction":[{"@type":"SearchAction","target":{"@type":"EntryPoint","urlTemplate":"https:\/\/roterbund.de\/?s={search_term_string}"},"query-input":"required name=search_term_string"}],"inLanguage":"de"}]}},"_links":{"self":[{"href":"https:\/\/roterbund.de\/index.php\/wp-json\/wp\/v2\/pages\/831","targetHints":{"allow":["GET"]}}],"collection":[{"href":"https:\/\/roterbund.de\/index.php\/wp-json\/wp\/v2\/pages"}],"about":[{"href":"https:\/\/roterbund.de\/index.php\/wp-json\/wp\/v2\/types\/page"}],"author":[{"embeddable":true,"href":"https:\/\/roterbund.de\/index.php\/wp-json\/wp\/v2\/users\/1"}],"replies":[{"embeddable":true,"href":"https:\/\/roterbund.de\/index.php\/wp-json\/wp\/v2\/comments?post=831"}],"version-history":[{"count":154,"href":"https:\/\/roterbund.de\/index.php\/wp-json\/wp\/v2\/pages\/831\/revisions"}],"predecessor-version":[{"id":1494,"href":"https:\/\/roterbund.de\/index.php\/wp-json\/wp\/v2\/pages\/831\/revisions\/1494"}],"wp:attachment":[{"href":"https:\/\/roterbund.de\/index.php\/wp-json\/wp\/v2\/media?parent=831"}],"curies":[{"name":"wp","href":"https:\/\/api.w.org\/{rel}","templated":true}]}}