{"id":1302,"date":"2024-05-24T15:20:17","date_gmt":"2024-05-24T14:20:17","guid":{"rendered":"https:\/\/roterbund.de\/?page_id=1302"},"modified":"2024-05-24T15:20:19","modified_gmt":"2024-05-24T14:20:19","slug":"beendigung-der-ungerechten-inhaftierung-des-genossen-prashant-bose-und-aller-politischer-gefangenen","status":"publish","type":"page","link":"https:\/\/roterbund.de\/index.php\/beendigung-der-ungerechten-inhaftierung-des-genossen-prashant-bose-und-aller-politischer-gefangenen\/","title":{"rendered":"BEENDIGUNG DER UNGERECHTEN INHAFTIERUNG DES GENOSSEN PRASHANT BOSE UND ALLER POLITISCHER GEFANGENEN"},"content":{"rendered":"\n<figure class=\"wp-block-image size-full\"><img fetchpriority=\"high\" decoding=\"async\" width=\"564\" height=\"832\" src=\"https:\/\/roterbund.de\/wp-content\/uploads\/2024\/05\/feat-prashantbose.webp\" alt=\"\" class=\"wp-image-1303\" srcset=\"https:\/\/roterbund.de\/wp-content\/uploads\/2024\/05\/feat-prashantbose.webp 564w, https:\/\/roterbund.de\/wp-content\/uploads\/2024\/05\/feat-prashantbose-203x300.webp 203w\" sizes=\"(max-width: 564px) 100vw, 564px\" \/><\/figure>\n\n\n\n<p>BEENDIGUNG DER UNGERECHTEN INHAFTIERUNG DES GENOSSEN PRASHANT BOSE UND ALLER POLITISCHER GEFANGENEN<\/p>\n\n\n\n<p><br>Am 12. November 2021 wurden Prashant Bose, ein \u00e4lterer politischer Aktivist aus Jharkhand, und seine Genossin und Partnerin Shila Marandi von der Polizei des Bundesstaates verhaftet, als sie auf dem Weg zu einem Arzttermin f\u00fcr eine Kataraktoperation waren. Seitdem ist er in einem Gef\u00e4ngnis in Jharkhand inhaftiert, obwohl sein Gesundheitszustand kritisch ist und er fast 80 Jahre alt ist. Er ist ein altgedienter politischer Aktivist, der an mehreren Bauernaufst\u00e4nden in Staaten wie Bengalen, dem ungeteilten Bihar und sp\u00e4ter Jharkhand und Bihar teilgenommen und diese angef\u00fchrt hat.<\/p>\n\n\n\n<p>Wir sind der Meinung, dass man, auch wenn man mit einer bestimmten politischen Ideologie nicht einverstanden ist, niemals daf\u00fcr kriminalisiert werden sollte, dass man eine Ideologie vertritt, die sich von der des Staates unterscheidet. Anstatt diesen \u00e4lteren Mann freizulassen, hat die Regierung ein Verfahren nach dem anderen gegen ihn angestrengt und ihn so jahrelang ohne Prozess hinter Gitter gebracht. Mit dieser Strategie wird das Diktum des Obersten Gerichtshofs &#8220;Kaution ist die Regel, Gef\u00e4ngnis ist die Ausnahme&#8221; ausgehebelt, und der indische Staat verwandelt damit den Rechtsweg in eine materielle Bestrafung.<\/p>\n\n\n\n<p>Dar\u00fcber hinaus ist es unmenschlich von Seiten des Staates, einen Achtzigj\u00e4hrigen zu inhaftieren und im Gef\u00e4ngnis zu halten. Nach Informationen mehrerer Nachrichtenagenturen leidet Herr Bose an mehreren Krankheiten wie Bluthochdruck, L\u00e4hmungen und anderen, die es ihm unm\u00f6glich machen, selbst\u00e4ndig zu stehen. Wir sind uns bewusst, dass die Gef\u00e4ngnisinfrastruktur f\u00fcr solche \u00e4lteren und kranken Menschen v\u00f6llig ungeeignet ist, um ein normales Leben zu f\u00fchren. Das bedeutet, dass die Inhaftierung dieser Menschen ihr von der Verfassung garantiertes Recht auf Leben einschr\u00e4nkt.<\/p>\n\n\n\n<p>Eine Reihe von Erkl\u00e4rungen der Vereinten Nationen \u00fcber \u00e4ltere B\u00fcrger (die von der indischen Regierung best\u00e4tigt wurden) weisen auf die wachsende Zahl \u00e4lterer Gefangener hin und fordern die Staaten auf, das Konzept der Betreuung und Verwahrung dieser &#8220;vergessenen Minderheit&#8221; zu \u00fcberdenken. Diese Perspektive stellt das &#8220;eiserne Gesetz des Strafvollzugs&#8221; in Frage und fordert die Staaten auf, die alten, alternden und kr\u00e4nkelnden Gefangenen mit sofortiger Wirkung freizulassen. Auch aus dieser Perspektive ist jede weitere Inhaftierung von Herrn Bose (und anderen) ein grober Versto\u00df gegen die internationalen Menschenrechte in Bezug auf \u00e4ltere Gefangene. Abgesehen davon hat der DIG der Polizei von Jharkhand seinen Angeh\u00f6rigen nicht erlaubt, ihn w\u00e4hrend der ersten drei Monate seiner Inhaftierung zu besuchen. Abgesehen davon hat der DIG der Polizei von Jharkhand seinen Angeh\u00f6rigen nicht erlaubt, ihn w\u00e4hrend der ersten drei Monate seiner Inhaftierung zu besuchen. Dies ist v\u00f6llig verfassungswidrig und widerspricht allen nationalen und internationalen Gef\u00e4ngniskodizes. Weder die Verwandten noch die B\u00fcrgerrechtsaktivisten d\u00fcrfen Herrn Bose besuchen.<\/p>\n\n\n\n<p>Indien bewegt sich zunehmend dazu, ein faschistischer Staat zu werden, mit der Durchsetzung der Polizei und einer vollst\u00e4ndigen Unterwerfung unter die Diktatur der brahmanischen Hindutva-Kr\u00e4fte. Drakonische Gesetze wie UAPA, bei denen es sich um modernisierte Nachfolge-Gesetze, wie des kolonialen Rowlatt-Gesetz handelt, wurden in die Verfassung eingebunden. Der indische Staat hat in einem verzweifelten Versuch, alle Stimmen von Dissens zu unterdr\u00fccken, einen allumfassenden Angriff auf alle fortschrittlichen und demokratischen Kr\u00e4fte gestartet.<\/p>\n\n\n\n<p>Wir, die unterzeichneten Organisationen, fordern die unmittelbare und bedingungslose Freilassung von Prashant Bose und aller politischer Gefangenen.<\/p>\n\n\n\n<p><strong>India:<\/strong><\/p>\n\n\n\n<p>1. All India Students\u2019 Association<\/p>\n\n\n\n<p>2. All India Revolutionary Students\u2019 Organisation<\/p>\n\n\n\n<p>3. Revolutionary Students\u2019 Front, West Bengal<\/p>\n\n\n\n<p>4. Democratic Youth Student Association, West Bengal<\/p>\n\n\n\n<p>5. Progressive Democratic Student Federation, West Bengal<\/p>\n\n\n\n<p>6. Committee for Release of Political Prisoners, West Bengal<\/p>\n\n\n\n<p>7. Sangrami Krishak Manch, West Bengal<\/p>\n\n\n\n<p>8. Association for Protection of Democratic Rights, West Bengal<\/p>\n\n\n\n<p>9. Asansol Civil Rights Association, West Bengal<\/p>\n\n\n\n<p>10. Bandi Mukti Committee, West Bengal<\/p>\n\n\n\n<p>11. Jharkhand Council for Democratic Rights, Jharkhand<\/p>\n\n\n\n<p>12. Viplava Rachayitala Sangham (Virasam), Andhra Pradesh<\/p>\n\n\n\n<p>13. Andhra Pradesh Civil Liberties Committee, Andhra Pradesh<\/p>\n\n\n\n<p>14. Forum Against Repression, Telengana<\/p>\n\n\n\n<p>15. Telengana Civil Liberties Committee, Telangana<\/p>\n\n\n\n<p>16. Naga Peoples Movement for Human Rights, Nagaland<\/p>\n\n\n\n<p>17. Committee for Protection of Democratic Rights, Tamil Nadu<\/p>\n\n\n\n<p>18. Students Uprising Movement for Social Welfare, Tamil Nadu<\/p>\n\n\n\n<p>19. Revolutionary Students and Youth Front, Tamil Nadu<\/p>\n\n\n\n<p>20. Makkal Adhikaram, Tamil Nadu<\/p>\n\n\n\n<p>21. Makkal Adhikaram, Pondicherry<\/p>\n\n\n\n<p>22. Moolvasi Bachao Manch, Chattisgarh<\/p>\n\n\n\n<p>23. Students For Society, Punjab<\/p>\n\n\n\n<p>24. Association For Democratic Rights, Punjab<\/p>\n\n\n\n<p>25. Association For Democratic Rights, Haryana<\/p>\n\n\n\n<p>26. Bhagat Singh Chhatra Ekta Morcha, Delhi<\/p>\n\n\n\n<p>27. Revolutionary Students League, Delhi<\/p>\n\n\n\n<p>28. Campaign Against State Repression, Delhi<\/p>\n\n\n\n<p>29. Dayar-i-Shauq Students Charter, Delhi<\/p>\n\n\n\n<p>30. Parivartankami Chhatra Sangham, Delhi<\/p>\n\n\n\n<p>31. Ambedkar Students Association, Delhi<\/p>\n\n\n\n<p>32. Moolnibasi Student Youth Front, Odisha<\/p>\n\n\n\n<p>33. Moolnibasi Literature Club, Odisha<\/p>\n\n\n\n<p>34. Democratic Students Association, Kerala<\/p>\n\n\n\n<p>35. Porattom, Kerala<\/p>\n\n\n\n<p><strong>International<\/strong><\/p>\n\n\n\n<p>36. International League of People\u2019s Struggle<\/p>\n\n\n\n<p>37. International Committee to Support People\u2019s War in India<\/p>\n\n\n\n<p>38. All Burma Federation of Students Unions, Myanmar<\/p>\n\n\n\n<p>39. Revolutionary Students Union, United States of America<\/p>\n\n\n\n<p>40. All Nepal National Independent Students\u2019 Union (Revolutionary), Nepal<\/p>\n\n\n\n<p>41. Revolutionary Student Youth Movement, Bangladesh<\/p>\n\n\n\n<p>42. Yeni Demokrat Gen\u00e7lik, Turkey<\/p>\n\n\n\n<p>43. Progressive Students Collective, Pakistan<\/p>\n\n\n\n<p>44. League of Filipino Students, Philippines<\/p>\n\n\n\n<p>45. Young Communist League, Switzerland<\/p>\n\n\n\n<p>46. Marxist Students Collective, England<\/p>\n\n\n\n<p>47. Young Revolutionaries\/League of Young Revolutionaries, France<\/p>\n\n\n\n<p>48. Unity Campaign for the Liberation of Georges Abdallah, France<\/p>\n\n\n\n<p>49. The Red CRI for the Defense of Revolutionary Prisoners, France<\/p>\n\n\n\n<p>50. The Committee of Actions and Support for the Struggles of the Moroccan People, France<\/p>\n\n\n\n<p>51. Action for the Democratic Rights of the People, Austria<\/p>\n\n\n\n<p>52. Revolutionary People\u2019s Student Movement, Brazil<\/p>\n\n\n\n<p>53. Red Unity \u2013 Revolutionary Youth League, Brazil<\/p>\n\n\n\n<p>54. People\u2019s Dawn, Brazil<\/p>\n\n\n\n<p>55. Red Mangue, Brazil<\/p>\n\n\n\n<p>56. People\u2019s Student League, Brazil<\/p>\n\n\n\n<p>57. People\u2019s Women\u2019s Movement, Columbia<\/p>\n\n\n\n<p>58. Student Movement Serving the People, Columbia<\/p>\n\n\n\n<p>59. Roter Bund, Germany<\/p>\n\n\n\n<p>60. K\u00e4mpfende Jugend Bremen, Germany<\/p>\n\n\n\n<p>61. Roter Aufbruch Dresden, Germany,<\/p>\n\n\n\n<p>62. Roter Ring [Braunschweig], Germany<\/p>\n\n\n\n<p>63. Rote Jugend Rostock, Germany<\/p>\n\n\n\n<p>64. Rote Jugend Mittelfranken, Germany<\/p>\n\n\n\n<p>65. Struggle Committee, Norway<\/p>\n\n\n\n<p><strong>Zeitschriften:<\/strong><\/p>\n\n\n\n<p>66. Partizan, Turkey<\/p>\n\n\n\n<p>67. Nazariya \u2013 Kal Ka, India<\/p>\n\n\n\n<p>68. Towards A New Dawn, India<\/p>\n\n\n\n<p>69. Burning Ballot Box, America<\/p>\n\n\n\n<p>70. Serve the People, Vietnam<\/p>\n","protected":false},"excerpt":{"rendered":"<p>BEENDIGUNG DER UNGERECHTEN INHAFTIERUNG DES GENOSSEN PRASHANT BOSE UND ALLER POLITISCHER GEFANGENEN Am 12. November 2021 wurden Prashant Bose, ein \u00e4lterer politischer Aktivist aus Jharkhand, und seine Genossin und Partnerin [&hellip;]<\/p>\n","protected":false},"author":1,"featured_media":0,"parent":0,"menu_order":0,"comment_status":"closed","ping_status":"closed","template":"","meta":{"_monsterinsights_skip_tracking":false,"_monsterinsights_sitenote_active":false,"_monsterinsights_sitenote_note":"","_monsterinsights_sitenote_category":0,"site-sidebar-layout":"default","site-content-layout":"","ast-site-content-layout":"default","site-content-style":"default","site-sidebar-style":"default","ast-global-header-display":"","ast-banner-title-visibility":"","ast-main-header-display":"","ast-hfb-above-header-display":"","ast-hfb-below-header-display":"","ast-hfb-mobile-header-display":"","site-post-title":"","ast-breadcrumbs-content":"","ast-featured-img":"","footer-sml-layout":"","theme-transparent-header-meta":"","adv-header-id-meta":"","stick-header-meta":"","header-above-stick-meta":"","header-main-stick-meta":"","header-below-stick-meta":"","astra-migrate-meta-layouts":"set","ast-page-background-enabled":"default","ast-page-background-meta":{"desktop":{"background-color":"","background-image":"","background-repeat":"repeat","background-position":"center center","background-size":"auto","background-attachment":"scroll","background-type":"","background-media":"","overlay-type":"","overlay-color":"","overlay-gradient":""},"tablet":{"background-color":"","background-image":"","background-repeat":"repeat","background-position":"center center","background-size":"auto","background-attachment":"scroll","background-type":"","background-media":"","overlay-type":"","overlay-color":"","overlay-gradient":""},"mobile":{"background-color":"","background-image":"","background-repeat":"repeat","background-position":"center center","background-size":"auto","background-attachment":"scroll","background-type":"","background-media":"","overlay-type":"","overlay-color":"","overlay-gradient":""}},"ast-content-background-meta":{"desktop":{"background-color":"var(--ast-global-color-5)","background-image":"","background-repeat":"repeat","background-position":"center center","background-size":"auto","background-attachment":"scroll","background-type":"","background-media":"","overlay-type":"","overlay-color":"","overlay-gradient":""},"tablet":{"background-color":"var(--ast-global-color-5)","background-image":"","background-repeat":"repeat","background-position":"center center","background-size":"auto","background-attachment":"scroll","background-type":"","background-media":"","overlay-type":"","overlay-color":"","overlay-gradient":""},"mobile":{"background-color":"var(--ast-global-color-5)","background-image":"","background-repeat":"repeat","background-position":"center center","background-size":"auto","background-attachment":"scroll","background-type":"","background-media":"","overlay-type":"","overlay-color":"","overlay-gradient":""}},"footnotes":""},"class_list":["post-1302","page","type-page","status-publish","hentry"],"yoast_head":"<!-- This site is optimized with the Yoast SEO plugin v23.0 - https:\/\/yoast.com\/wordpress\/plugins\/seo\/ -->\n<title>BEENDIGUNG DER UNGERECHTEN INHAFTIERUNG DES GENOSSEN PRASHANT BOSE UND ALLER POLITISCHER GEFANGENEN - Roter Bund<\/title>\n<meta name=\"robots\" content=\"index, follow, max-snippet:-1, max-image-preview:large, max-video-preview:-1\" \/>\n<link rel=\"canonical\" href=\"https:\/\/roterbund.de\/index.php\/beendigung-der-ungerechten-inhaftierung-des-genossen-prashant-bose-und-aller-politischer-gefangenen\/\" \/>\n<meta property=\"og:locale\" content=\"de_DE\" \/>\n<meta property=\"og:type\" content=\"article\" \/>\n<meta property=\"og:title\" content=\"BEENDIGUNG DER UNGERECHTEN INHAFTIERUNG DES GENOSSEN PRASHANT BOSE UND ALLER POLITISCHER GEFANGENEN - Roter Bund\" \/>\n<meta property=\"og:description\" content=\"BEENDIGUNG DER UNGERECHTEN INHAFTIERUNG DES GENOSSEN PRASHANT BOSE UND ALLER POLITISCHER GEFANGENEN Am 12. November 2021 wurden Prashant Bose, ein \u00e4lterer politischer Aktivist aus Jharkhand, und seine Genossin und Partnerin [&hellip;]\" \/>\n<meta property=\"og:url\" content=\"https:\/\/roterbund.de\/index.php\/beendigung-der-ungerechten-inhaftierung-des-genossen-prashant-bose-und-aller-politischer-gefangenen\/\" \/>\n<meta property=\"og:site_name\" content=\"Roter Bund\" \/>\n<meta property=\"article:modified_time\" content=\"2024-05-24T14:20:19+00:00\" \/>\n<meta property=\"og:image\" content=\"https:\/\/roterbund.de\/wp-content\/uploads\/2024\/05\/feat-prashantbose.webp\" \/>\n<meta name=\"twitter:card\" content=\"summary_large_image\" \/>\n<meta name=\"twitter:label1\" content=\"Gesch\u00e4tzte Lesezeit\" \/>\n\t<meta name=\"twitter:data1\" content=\"6\u00a0Minuten\" \/>\n<script type=\"application\/ld+json\" class=\"yoast-schema-graph\">{\"@context\":\"https:\/\/schema.org\",\"@graph\":[{\"@type\":\"WebPage\",\"@id\":\"https:\/\/roterbund.de\/index.php\/beendigung-der-ungerechten-inhaftierung-des-genossen-prashant-bose-und-aller-politischer-gefangenen\/\",\"url\":\"https:\/\/roterbund.de\/index.php\/beendigung-der-ungerechten-inhaftierung-des-genossen-prashant-bose-und-aller-politischer-gefangenen\/\",\"name\":\"BEENDIGUNG DER UNGERECHTEN INHAFTIERUNG DES GENOSSEN PRASHANT BOSE UND ALLER POLITISCHER GEFANGENEN - Roter Bund\",\"isPartOf\":{\"@id\":\"https:\/\/roterbund.de\/#website\"},\"primaryImageOfPage\":{\"@id\":\"https:\/\/roterbund.de\/index.php\/beendigung-der-ungerechten-inhaftierung-des-genossen-prashant-bose-und-aller-politischer-gefangenen\/#primaryimage\"},\"image\":{\"@id\":\"https:\/\/roterbund.de\/index.php\/beendigung-der-ungerechten-inhaftierung-des-genossen-prashant-bose-und-aller-politischer-gefangenen\/#primaryimage\"},\"thumbnailUrl\":\"https:\/\/roterbund.de\/wp-content\/uploads\/2024\/05\/feat-prashantbose.webp\",\"datePublished\":\"2024-05-24T14:20:17+00:00\",\"dateModified\":\"2024-05-24T14:20:19+00:00\",\"breadcrumb\":{\"@id\":\"https:\/\/roterbund.de\/index.php\/beendigung-der-ungerechten-inhaftierung-des-genossen-prashant-bose-und-aller-politischer-gefangenen\/#breadcrumb\"},\"inLanguage\":\"de\",\"potentialAction\":[{\"@type\":\"ReadAction\",\"target\":[\"https:\/\/roterbund.de\/index.php\/beendigung-der-ungerechten-inhaftierung-des-genossen-prashant-bose-und-aller-politischer-gefangenen\/\"]}]},{\"@type\":\"ImageObject\",\"inLanguage\":\"de\",\"@id\":\"https:\/\/roterbund.de\/index.php\/beendigung-der-ungerechten-inhaftierung-des-genossen-prashant-bose-und-aller-politischer-gefangenen\/#primaryimage\",\"url\":\"https:\/\/roterbund.de\/wp-content\/uploads\/2024\/05\/feat-prashantbose.webp\",\"contentUrl\":\"https:\/\/roterbund.de\/wp-content\/uploads\/2024\/05\/feat-prashantbose.webp\",\"width\":564,\"height\":832},{\"@type\":\"BreadcrumbList\",\"@id\":\"https:\/\/roterbund.de\/index.php\/beendigung-der-ungerechten-inhaftierung-des-genossen-prashant-bose-und-aller-politischer-gefangenen\/#breadcrumb\",\"itemListElement\":[{\"@type\":\"ListItem\",\"position\":1,\"name\":\"Startseite\",\"item\":\"https:\/\/roterbund.de\/\"},{\"@type\":\"ListItem\",\"position\":2,\"name\":\"BEENDIGUNG DER UNGERECHTEN INHAFTIERUNG DES GENOSSEN PRASHANT BOSE UND ALLER POLITISCHER GEFANGENEN\"}]},{\"@type\":\"WebSite\",\"@id\":\"https:\/\/roterbund.de\/#website\",\"url\":\"https:\/\/roterbund.de\/\",\"name\":\"Roter Bund\",\"description\":\"Webseite des Roten Bundes\",\"potentialAction\":[{\"@type\":\"SearchAction\",\"target\":{\"@type\":\"EntryPoint\",\"urlTemplate\":\"https:\/\/roterbund.de\/?s={search_term_string}\"},\"query-input\":\"required name=search_term_string\"}],\"inLanguage\":\"de\"}]}<\/script>\n<!-- \/ Yoast SEO plugin. -->","yoast_head_json":{"title":"BEENDIGUNG DER UNGERECHTEN INHAFTIERUNG DES GENOSSEN PRASHANT BOSE UND ALLER POLITISCHER GEFANGENEN - Roter Bund","robots":{"index":"index","follow":"follow","max-snippet":"max-snippet:-1","max-image-preview":"max-image-preview:large","max-video-preview":"max-video-preview:-1"},"canonical":"https:\/\/roterbund.de\/index.php\/beendigung-der-ungerechten-inhaftierung-des-genossen-prashant-bose-und-aller-politischer-gefangenen\/","og_locale":"de_DE","og_type":"article","og_title":"BEENDIGUNG DER UNGERECHTEN INHAFTIERUNG DES GENOSSEN PRASHANT BOSE UND ALLER POLITISCHER GEFANGENEN - Roter Bund","og_description":"BEENDIGUNG DER UNGERECHTEN INHAFTIERUNG DES GENOSSEN PRASHANT BOSE UND ALLER POLITISCHER GEFANGENEN Am 12. November 2021 wurden Prashant Bose, ein \u00e4lterer politischer Aktivist aus Jharkhand, und seine Genossin und Partnerin [&hellip;]","og_url":"https:\/\/roterbund.de\/index.php\/beendigung-der-ungerechten-inhaftierung-des-genossen-prashant-bose-und-aller-politischer-gefangenen\/","og_site_name":"Roter Bund","article_modified_time":"2024-05-24T14:20:19+00:00","og_image":[{"url":"https:\/\/roterbund.de\/wp-content\/uploads\/2024\/05\/feat-prashantbose.webp"}],"twitter_card":"summary_large_image","twitter_misc":{"Gesch\u00e4tzte Lesezeit":"6\u00a0Minuten"},"schema":{"@context":"https:\/\/schema.org","@graph":[{"@type":"WebPage","@id":"https:\/\/roterbund.de\/index.php\/beendigung-der-ungerechten-inhaftierung-des-genossen-prashant-bose-und-aller-politischer-gefangenen\/","url":"https:\/\/roterbund.de\/index.php\/beendigung-der-ungerechten-inhaftierung-des-genossen-prashant-bose-und-aller-politischer-gefangenen\/","name":"BEENDIGUNG DER UNGERECHTEN INHAFTIERUNG DES GENOSSEN PRASHANT BOSE UND ALLER POLITISCHER GEFANGENEN - Roter Bund","isPartOf":{"@id":"https:\/\/roterbund.de\/#website"},"primaryImageOfPage":{"@id":"https:\/\/roterbund.de\/index.php\/beendigung-der-ungerechten-inhaftierung-des-genossen-prashant-bose-und-aller-politischer-gefangenen\/#primaryimage"},"image":{"@id":"https:\/\/roterbund.de\/index.php\/beendigung-der-ungerechten-inhaftierung-des-genossen-prashant-bose-und-aller-politischer-gefangenen\/#primaryimage"},"thumbnailUrl":"https:\/\/roterbund.de\/wp-content\/uploads\/2024\/05\/feat-prashantbose.webp","datePublished":"2024-05-24T14:20:17+00:00","dateModified":"2024-05-24T14:20:19+00:00","breadcrumb":{"@id":"https:\/\/roterbund.de\/index.php\/beendigung-der-ungerechten-inhaftierung-des-genossen-prashant-bose-und-aller-politischer-gefangenen\/#breadcrumb"},"inLanguage":"de","potentialAction":[{"@type":"ReadAction","target":["https:\/\/roterbund.de\/index.php\/beendigung-der-ungerechten-inhaftierung-des-genossen-prashant-bose-und-aller-politischer-gefangenen\/"]}]},{"@type":"ImageObject","inLanguage":"de","@id":"https:\/\/roterbund.de\/index.php\/beendigung-der-ungerechten-inhaftierung-des-genossen-prashant-bose-und-aller-politischer-gefangenen\/#primaryimage","url":"https:\/\/roterbund.de\/wp-content\/uploads\/2024\/05\/feat-prashantbose.webp","contentUrl":"https:\/\/roterbund.de\/wp-content\/uploads\/2024\/05\/feat-prashantbose.webp","width":564,"height":832},{"@type":"BreadcrumbList","@id":"https:\/\/roterbund.de\/index.php\/beendigung-der-ungerechten-inhaftierung-des-genossen-prashant-bose-und-aller-politischer-gefangenen\/#breadcrumb","itemListElement":[{"@type":"ListItem","position":1,"name":"Startseite","item":"https:\/\/roterbund.de\/"},{"@type":"ListItem","position":2,"name":"BEENDIGUNG DER UNGERECHTEN INHAFTIERUNG DES GENOSSEN PRASHANT BOSE UND ALLER POLITISCHER GEFANGENEN"}]},{"@type":"WebSite","@id":"https:\/\/roterbund.de\/#website","url":"https:\/\/roterbund.de\/","name":"Roter Bund","description":"Webseite des Roten Bundes","potentialAction":[{"@type":"SearchAction","target":{"@type":"EntryPoint","urlTemplate":"https:\/\/roterbund.de\/?s={search_term_string}"},"query-input":"required name=search_term_string"}],"inLanguage":"de"}]}},"_links":{"self":[{"href":"https:\/\/roterbund.de\/index.php\/wp-json\/wp\/v2\/pages\/1302","targetHints":{"allow":["GET"]}}],"collection":[{"href":"https:\/\/roterbund.de\/index.php\/wp-json\/wp\/v2\/pages"}],"about":[{"href":"https:\/\/roterbund.de\/index.php\/wp-json\/wp\/v2\/types\/page"}],"author":[{"embeddable":true,"href":"https:\/\/roterbund.de\/index.php\/wp-json\/wp\/v2\/users\/1"}],"replies":[{"embeddable":true,"href":"https:\/\/roterbund.de\/index.php\/wp-json\/wp\/v2\/comments?post=1302"}],"version-history":[{"count":1,"href":"https:\/\/roterbund.de\/index.php\/wp-json\/wp\/v2\/pages\/1302\/revisions"}],"predecessor-version":[{"id":1304,"href":"https:\/\/roterbund.de\/index.php\/wp-json\/wp\/v2\/pages\/1302\/revisions\/1304"}],"wp:attachment":[{"href":"https:\/\/roterbund.de\/index.php\/wp-json\/wp\/v2\/media?parent=1302"}],"curies":[{"name":"wp","href":"https:\/\/api.w.org\/{rel}","templated":true}]}}